
{"id":18978,"date":"2019-03-21T09:11:07","date_gmt":"2019-03-21T09:11:07","guid":{"rendered":"https:\/\/viajesfontao.com\/planestancias\/?page_id=18978"},"modified":"2021-05-12T10:33:48","modified_gmt":"2021-05-12T10:33:48","slug":"home","status":"publish","type":"page","link":"https:\/\/viajesfontao.com\/planestancias\/","title":{"rendered":"Plan Estancias"},"content":{"rendered":"<p>[vc_row css=\u00bb.vc_custom_1609235185353{margin-bottom: 50px !important;}\u00bb][vc_column]<div id=\"1620469535658-efda01ca-8455\" class=\"dt-sc-empty-space\"><\/div><div class='dt-sc-title with-before-after-shape  ' data-delay='0'><h2 class='dt-sc-main-heading'>Pack Tur\u00edsticos<\/h2><h3 class='dt-sc-sub-heading'><\/h3><\/div><div id=\"1619112050803-28af0dc6-2349\" class=\"dt-sc-empty-space\"><\/div><div class=\"dt-sc-trip-list \"><div class=\"column dt-sc-one-third first\"><div class=\"dt-sc-trip-item \"><div class=\"image-wrapper\"><img width=\"750\" height=\"500\" src=\"https:\/\/viajesfontao.com\/planestancias\/wp-content\/uploads\/2021\/07\/049A-Alto-de-San-Roque-750x500.jpg\" class=\"attachment-dt-travel-trip-img size-dt-travel-trip-img wp-post-image\" alt=\"\u00abA ORIXE\u00bb CAMINO DE SANTIAGO\" loading=\"lazy\" title=\"\u00abA ORIXE\u00bb CAMINO DE SANTIAGO\" srcset=\"https:\/\/viajesfontao.com\/planestancias\/wp-content\/uploads\/2021\/07\/049A-Alto-de-San-Roque-750x500.jpg 750w, https:\/\/viajesfontao.com\/planestancias\/wp-content\/uploads\/2021\/07\/049A-Alto-de-San-Roque-570x380.jpg 570w, https:\/\/viajesfontao.com\/planestancias\/wp-content\/uploads\/2021\/07\/049A-Alto-de-San-Roque-600x400.jpg 600w\" sizes=\"(max-width: 750px) 100vw, 750px\" \/><\/div><div class=\"trip-details\"><div class=\"left-section\"><h3><a href=\"https:\/\/viajesfontao.com\/planestancias\/packs\/el-origen-del-camino-de-santiago\/\" title=\"\u00abA ORIXE\u00bb CAMINO DE SANTIAGO\">\u00abA ORIXE\u00bb CAMINO DE SANTIAGO<\/a><\/h3><p class=\"trip-destination\"><i class=\"fas fa-map-marker-alt\"><\/i><a href=\"https:\/\/viajesfontao.com\/planestancias\/destinos\/a-orixe\/\" rel=\"tag\">A ORIXE<\/a>, <a href=\"https:\/\/viajesfontao.com\/planestancias\/destinos\/espana\/galicia\/a-coruna\/barbanza\/\" rel=\"tag\">Barbanza<\/a>, <a href=\"https:\/\/viajesfontao.com\/planestancias\/destinos\/espana\/\" rel=\"tag\">Espa\u00f1a<\/a>, <a href=\"https:\/\/viajesfontao.com\/planestancias\/destinos\/espana\/galicia\/\" rel=\"tag\">Galicia<\/a>, <a href=\"https:\/\/viajesfontao.com\/planestancias\/destinos\/packs\/\" rel=\"tag\">PACKS<\/a><\/p><\/div><div class=\"right-section\"><p>1 D\u00eda<\/p><\/div><\/div><\/div><\/div><div class=\"column dt-sc-one-third\"><div class=\"dt-sc-trip-item \"><div class=\"image-wrapper\"><img width=\"750\" height=\"500\" src=\"https:\/\/viajesfontao.com\/planestancias\/wp-content\/uploads\/2021\/05\/IMG_4753-copia-750x500.jpg\" class=\"attachment-dt-travel-trip-img size-dt-travel-trip-img wp-post-image\" alt=\"RIBEIRA, FAI CAMI\u00d1O \u00abA ORIXE\u00bb\" loading=\"lazy\" title=\"RIBEIRA, FAI CAMI\u00d1O \u00abA ORIXE\u00bb\" srcset=\"https:\/\/viajesfontao.com\/planestancias\/wp-content\/uploads\/2021\/05\/IMG_4753-copia-750x500.jpg 750w, https:\/\/viajesfontao.com\/planestancias\/wp-content\/uploads\/2021\/05\/IMG_4753-copia-300x200.jpg 300w, https:\/\/viajesfontao.com\/planestancias\/wp-content\/uploads\/2021\/05\/IMG_4753-copia-1024x682.jpg 1024w, https:\/\/viajesfontao.com\/planestancias\/wp-content\/uploads\/2021\/05\/IMG_4753-copia-768x512.jpg 768w, https:\/\/viajesfontao.com\/planestancias\/wp-content\/uploads\/2021\/05\/IMG_4753-copia-1536x1024.jpg 1536w, https:\/\/viajesfontao.com\/planestancias\/wp-content\/uploads\/2021\/05\/IMG_4753-copia-570x380.jpg 570w, https:\/\/viajesfontao.com\/planestancias\/wp-content\/uploads\/2021\/05\/IMG_4753-copia-600x400.jpg 600w, https:\/\/viajesfontao.com\/planestancias\/wp-content\/uploads\/2021\/05\/IMG_4753-copia-540x360.jpg 540w, https:\/\/viajesfontao.com\/planestancias\/wp-content\/uploads\/2021\/05\/IMG_4753-copia-1000x667.jpg 1000w, https:\/\/viajesfontao.com\/planestancias\/wp-content\/uploads\/2021\/05\/IMG_4753-copia.jpg 2000w\" sizes=\"(max-width: 750px) 100vw, 750px\" \/><\/div><div class=\"trip-details\"><div class=\"left-section\"><h3><a href=\"https:\/\/viajesfontao.com\/planestancias\/packs\/ribeira-fai-camino-a-orixe\/\" title=\"RIBEIRA, FAI CAMI\u00d1O \u00abA ORIXE\u00bb\">RIBEIRA, FAI CAMI\u00d1O \u00abA ORIXE\u00bb<\/a><\/h3><p class=\"trip-destination\"><i class=\"fas fa-map-marker-alt\"><\/i><a href=\"https:\/\/viajesfontao.com\/planestancias\/destinos\/espana\/galicia\/a-coruna\/\" rel=\"tag\">A Coru\u00f1a<\/a>, <a href=\"https:\/\/viajesfontao.com\/planestancias\/destinos\/a-orixe\/\" rel=\"tag\">A ORIXE<\/a>, <a href=\"https:\/\/viajesfontao.com\/planestancias\/destinos\/espana\/galicia\/a-coruna\/barbanza\/\" rel=\"tag\">Barbanza<\/a>, <a href=\"https:\/\/viajesfontao.com\/planestancias\/destinos\/espana\/\" rel=\"tag\">Espa\u00f1a<\/a>, <a href=\"https:\/\/viajesfontao.com\/planestancias\/destinos\/espana\/galicia\/\" rel=\"tag\">Galicia<\/a>, <a href=\"https:\/\/viajesfontao.com\/planestancias\/destinos\/packs\/\" rel=\"tag\">PACKS<\/a>, <a href=\"https:\/\/viajesfontao.com\/planestancias\/destinos\/espana\/galicia\/a-coruna\/rias-baixas\/\" rel=\"tag\">R\u00edas Baixas<\/a><\/p><\/div><div class=\"right-section\"><p>2 D\u00edas<\/p><\/div><\/div><\/div><\/div><div class=\"column dt-sc-one-third\"><div class=\"dt-sc-trip-item \"><div class=\"image-wrapper\"><img width=\"750\" height=\"500\" src=\"https:\/\/viajesfontao.com\/planestancias\/wp-content\/uploads\/2021\/02\/PLAYA-A-REDEIRA-750x500.jpg\" class=\"attachment-dt-travel-trip-img size-dt-travel-trip-img wp-post-image\" alt=\"BOIRO: MAR, PATRIMONIO Y CULTURA. EN FAMILIA O GRUPO DE AMIGOS\" loading=\"lazy\" title=\"BOIRO: MAR, PATRIMONIO Y CULTURA. EN FAMILIA O GRUPO DE AMIGOS\" srcset=\"https:\/\/viajesfontao.com\/planestancias\/wp-content\/uploads\/2021\/02\/PLAYA-A-REDEIRA-750x500.jpg 750w, https:\/\/viajesfontao.com\/planestancias\/wp-content\/uploads\/2021\/02\/PLAYA-A-REDEIRA-570x380.jpg 570w, https:\/\/viajesfontao.com\/planestancias\/wp-content\/uploads\/2021\/02\/PLAYA-A-REDEIRA-600x400.jpg 600w\" sizes=\"(max-width: 750px) 100vw, 750px\" \/><\/div><div class=\"trip-details\"><div class=\"left-section\"><h3><a href=\"https:\/\/viajesfontao.com\/planestancias\/packs\/boiro-marpatrimonio-y-cultura-en-familia-o-grupo-de-amigos\/\" title=\"BOIRO: MAR, PATRIMONIO Y CULTURA. EN FAMILIA O GRUPO DE AMIGOS\">BOIRO: MAR, PATRIMONIO Y CULTURA. EN FAMILIA O GRUPO DE AMIGOS<\/a><\/h3><p class=\"trip-destination\"><i class=\"fas fa-map-marker-alt\"><\/i><a href=\"https:\/\/viajesfontao.com\/planestancias\/destinos\/espana\/galicia\/a-coruna\/\" rel=\"tag\">A Coru\u00f1a<\/a>, <a href=\"https:\/\/viajesfontao.com\/planestancias\/destinos\/espana\/galicia\/a-coruna\/barbanza\/\" rel=\"tag\">Barbanza<\/a>, <a href=\"https:\/\/viajesfontao.com\/planestancias\/destinos\/espana\/galicia\/a-coruna\/boiro\/\" rel=\"tag\">Boiro<\/a>, <a href=\"https:\/\/viajesfontao.com\/planestancias\/destinos\/espana\/\" rel=\"tag\">Espa\u00f1a<\/a>, <a href=\"https:\/\/viajesfontao.com\/planestancias\/destinos\/espana\/galicia\/\" rel=\"tag\">Galicia<\/a>, <a href=\"https:\/\/viajesfontao.com\/planestancias\/destinos\/packs\/\" rel=\"tag\">PACKS<\/a>, <a href=\"https:\/\/viajesfontao.com\/planestancias\/destinos\/espana\/galicia\/a-coruna\/rias-baixas\/\" rel=\"tag\">R\u00edas Baixas<\/a><\/p><\/div><div class=\"right-section\"><p>3 D\u00edas<\/p><span class=\"price-holder\" itemprop=\"priceRange\"><sup>&euro;<\/sup><span class=\"amount\">83<\/span><span> \/ persona<\/span><\/span><\/div><\/div><\/div><\/div><div class=\"column dt-sc-one-third first\"><div class=\"dt-sc-trip-item \"><div class=\"image-wrapper\"><img width=\"750\" height=\"500\" src=\"https:\/\/viajesfontao.com\/planestancias\/wp-content\/uploads\/2021\/02\/ALDEA-OS-MUINOS-RIANXO-750x500.jpg\" class=\"attachment-dt-travel-trip-img size-dt-travel-trip-img wp-post-image\" alt=\"ROTEIRO LITERARIO RIANXO\" loading=\"lazy\" title=\"ROTEIRO LITERARIO RIANXO\" srcset=\"https:\/\/viajesfontao.com\/planestancias\/wp-content\/uploads\/2021\/02\/ALDEA-OS-MUINOS-RIANXO-750x500.jpg 750w, https:\/\/viajesfontao.com\/planestancias\/wp-content\/uploads\/2021\/02\/ALDEA-OS-MUINOS-RIANXO-300x200.jpg 300w, https:\/\/viajesfontao.com\/planestancias\/wp-content\/uploads\/2021\/02\/ALDEA-OS-MUINOS-RIANXO-1024x683.jpg 1024w, https:\/\/viajesfontao.com\/planestancias\/wp-content\/uploads\/2021\/02\/ALDEA-OS-MUINOS-RIANXO-768x512.jpg 768w, https:\/\/viajesfontao.com\/planestancias\/wp-content\/uploads\/2021\/02\/ALDEA-OS-MUINOS-RIANXO-570x380.jpg 570w, https:\/\/viajesfontao.com\/planestancias\/wp-content\/uploads\/2021\/02\/ALDEA-OS-MUINOS-RIANXO-600x400.jpg 600w, https:\/\/viajesfontao.com\/planestancias\/wp-content\/uploads\/2021\/02\/ALDEA-OS-MUINOS-RIANXO-540x360.jpg 540w, https:\/\/viajesfontao.com\/planestancias\/wp-content\/uploads\/2021\/02\/ALDEA-OS-MUINOS-RIANXO-1000x667.jpg 1000w, https:\/\/viajesfontao.com\/planestancias\/wp-content\/uploads\/2021\/02\/ALDEA-OS-MUINOS-RIANXO.jpg 1500w\" sizes=\"(max-width: 750px) 100vw, 750px\" \/><\/div><div class=\"trip-details\"><div class=\"left-section\"><h3><a href=\"https:\/\/viajesfontao.com\/planestancias\/packs\/roteiro-literario-rianxo\/\" title=\"ROTEIRO LITERARIO RIANXO\">ROTEIRO LITERARIO RIANXO<\/a><\/h3><p class=\"trip-destination\"><i class=\"fas fa-map-marker-alt\"><\/i><a href=\"https:\/\/viajesfontao.com\/planestancias\/destinos\/espana\/galicia\/a-coruna\/\" rel=\"tag\">A Coru\u00f1a<\/a>, <a href=\"https:\/\/viajesfontao.com\/planestancias\/destinos\/espana\/galicia\/a-coruna\/barbanza\/\" rel=\"tag\">Barbanza<\/a>, <a href=\"https:\/\/viajesfontao.com\/planestancias\/destinos\/espana\/\" rel=\"tag\">Espa\u00f1a<\/a>, <a href=\"https:\/\/viajesfontao.com\/planestancias\/destinos\/packs\/\" rel=\"tag\">PACKS<\/a>, <a href=\"https:\/\/viajesfontao.com\/planestancias\/destinos\/espana\/galicia\/a-coruna\/rianxo\/\" rel=\"tag\">Rianxo<\/a>, <a href=\"https:\/\/viajesfontao.com\/planestancias\/destinos\/espana\/galicia\/a-coruna\/rias-baixas\/\" rel=\"tag\">R\u00edas Baixas<\/a><\/p><\/div><div class=\"right-section\"><p>3 D\u00edas<\/p><span class=\"price-holder\" itemprop=\"priceRange\"><sup>&euro;<\/sup><span class=\"amount\">207<\/span><span> \/ persona<\/span><\/span><\/div><\/div><\/div><\/div><div class=\"column dt-sc-one-third\"><div class=\"dt-sc-trip-item \"><div class=\"image-wrapper\"><img width=\"750\" height=\"500\" src=\"https:\/\/viajesfontao.com\/planestancias\/wp-content\/uploads\/2021\/04\/IMG_4914-750x500.jpg\" class=\"attachment-dt-travel-trip-img size-dt-travel-trip-img wp-post-image\" alt=\"ISLA DE S\u00c1LVORA\" loading=\"lazy\" title=\"ISLA DE S\u00c1LVORA\" srcset=\"https:\/\/viajesfontao.com\/planestancias\/wp-content\/uploads\/2021\/04\/IMG_4914-750x500.jpg 750w, https:\/\/viajesfontao.com\/planestancias\/wp-content\/uploads\/2021\/04\/IMG_4914-300x200.jpg 300w, https:\/\/viajesfontao.com\/planestancias\/wp-content\/uploads\/2021\/04\/IMG_4914-1024x682.jpg 1024w, https:\/\/viajesfontao.com\/planestancias\/wp-content\/uploads\/2021\/04\/IMG_4914-768x512.jpg 768w, https:\/\/viajesfontao.com\/planestancias\/wp-content\/uploads\/2021\/04\/IMG_4914-1536x1024.jpg 1536w, https:\/\/viajesfontao.com\/planestancias\/wp-content\/uploads\/2021\/04\/IMG_4914-570x380.jpg 570w, https:\/\/viajesfontao.com\/planestancias\/wp-content\/uploads\/2021\/04\/IMG_4914-600x400.jpg 600w, https:\/\/viajesfontao.com\/planestancias\/wp-content\/uploads\/2021\/04\/IMG_4914-540x360.jpg 540w, https:\/\/viajesfontao.com\/planestancias\/wp-content\/uploads\/2021\/04\/IMG_4914-1000x667.jpg 1000w, https:\/\/viajesfontao.com\/planestancias\/wp-content\/uploads\/2021\/04\/IMG_4914.jpg 2000w\" sizes=\"(max-width: 750px) 100vw, 750px\" \/><\/div><div class=\"trip-details\"><div class=\"left-section\"><h3><a href=\"https:\/\/viajesfontao.com\/planestancias\/packs\/isla-de-salvora\/\" title=\"ISLA DE S\u00c1LVORA\">ISLA DE S\u00c1LVORA<\/a><\/h3><p class=\"trip-destination\"><i class=\"fas fa-map-marker-alt\"><\/i><a href=\"https:\/\/viajesfontao.com\/planestancias\/destinos\/espana\/galicia\/a-coruna\/\" rel=\"tag\">A Coru\u00f1a<\/a>, <a href=\"https:\/\/viajesfontao.com\/planestancias\/destinos\/espana\/\" rel=\"tag\">Espa\u00f1a<\/a>, <a href=\"https:\/\/viajesfontao.com\/planestancias\/destinos\/packs\/\" rel=\"tag\">PACKS<\/a>, <a href=\"https:\/\/viajesfontao.com\/planestancias\/destinos\/espana\/galicia\/a-coruna\/rias-baixas\/\" rel=\"tag\">R\u00edas Baixas<\/a>, <a href=\"https:\/\/viajesfontao.com\/planestancias\/destinos\/espana\/galicia\/a-coruna\/ribeira\/\" rel=\"tag\">Ribeira<\/a><\/p><\/div><div class=\"right-section\"><p>2 D\u00edas<\/p><span class=\"price-holder\" itemprop=\"priceRange\"><sup>&euro;<\/sup><span class=\"amount\">99<\/span><span> \/ persona<\/span><\/span><\/div><\/div><\/div><\/div><div class=\"column dt-sc-one-third\"><div class=\"dt-sc-trip-item \"><div class=\"image-wrapper\"><img width=\"750\" height=\"500\" src=\"https:\/\/viajesfontao.com\/planestancias\/wp-content\/uploads\/2019\/03\/2015_1509NoratGrove_133-750x500.jpg\" class=\"attachment-dt-travel-trip-img size-dt-travel-trip-img wp-post-image\" alt=\"DESCUBRE O GROVE\" loading=\"lazy\" title=\"DESCUBRE O GROVE\" srcset=\"https:\/\/viajesfontao.com\/planestancias\/wp-content\/uploads\/2019\/03\/2015_1509NoratGrove_133-750x500.jpg 750w, https:\/\/viajesfontao.com\/planestancias\/wp-content\/uploads\/2019\/03\/2015_1509NoratGrove_133-300x200.jpg 300w, https:\/\/viajesfontao.com\/planestancias\/wp-content\/uploads\/2019\/03\/2015_1509NoratGrove_133-1024x683.jpg 1024w, https:\/\/viajesfontao.com\/planestancias\/wp-content\/uploads\/2019\/03\/2015_1509NoratGrove_133-768x512.jpg 768w, https:\/\/viajesfontao.com\/planestancias\/wp-content\/uploads\/2019\/03\/2015_1509NoratGrove_133-570x380.jpg 570w, https:\/\/viajesfontao.com\/planestancias\/wp-content\/uploads\/2019\/03\/2015_1509NoratGrove_133-600x400.jpg 600w, https:\/\/viajesfontao.com\/planestancias\/wp-content\/uploads\/2019\/03\/2015_1509NoratGrove_133-540x360.jpg 540w, https:\/\/viajesfontao.com\/planestancias\/wp-content\/uploads\/2019\/03\/2015_1509NoratGrove_133-1000x667.jpg 1000w, https:\/\/viajesfontao.com\/planestancias\/wp-content\/uploads\/2019\/03\/2015_1509NoratGrove_133.jpg 1200w\" sizes=\"(max-width: 750px) 100vw, 750px\" \/><\/div><div class=\"trip-details\"><div class=\"left-section\"><h3><a href=\"https:\/\/viajesfontao.com\/planestancias\/packs\/descubre-o-grove\/\" title=\"DESCUBRE O GROVE\">DESCUBRE O GROVE<\/a><\/h3><p class=\"trip-destination\"><i class=\"fas fa-map-marker-alt\"><\/i><a href=\"https:\/\/viajesfontao.com\/planestancias\/destinos\/espana\/\" rel=\"tag\">Espa\u00f1a<\/a>, <a href=\"https:\/\/viajesfontao.com\/planestancias\/destinos\/espana\/galicia\/\" rel=\"tag\">Galicia<\/a>, <a href=\"https:\/\/viajesfontao.com\/planestancias\/destinos\/espana\/pontevedra\/o-grove\/\" rel=\"tag\">O Grove<\/a>, <a href=\"https:\/\/viajesfontao.com\/planestancias\/destinos\/packs\/\" rel=\"tag\">PACKS<\/a>, <a href=\"https:\/\/viajesfontao.com\/planestancias\/destinos\/espana\/pontevedra\/\" rel=\"tag\">Pontevedra<\/a><\/p><\/div><div class=\"right-section\"><p>1 D\u00eda<\/p><span class=\"price-holder\" itemprop=\"priceRange\"><sup>&euro;<\/sup><span class=\"amount\">35<\/span><span> \/ persona<\/span><\/span><\/div><\/div><\/div><\/div><div class=\"column dt-sc-one-third first\"><div class=\"dt-sc-trip-item \"><div class=\"image-wrapper\"><img width=\"750\" height=\"500\" src=\"https:\/\/viajesfontao.com\/planestancias\/wp-content\/uploads\/2021\/03\/PARQUE-SAN-ROQUE-750x500.jpg\" class=\"attachment-dt-travel-trip-img size-dt-travel-trip-img wp-post-image\" alt=\"RIBEIRA EN FAMILIA\" loading=\"lazy\" title=\"RIBEIRA EN FAMILIA\" srcset=\"https:\/\/viajesfontao.com\/planestancias\/wp-content\/uploads\/2021\/03\/PARQUE-SAN-ROQUE-750x500.jpg 750w, https:\/\/viajesfontao.com\/planestancias\/wp-content\/uploads\/2021\/03\/PARQUE-SAN-ROQUE-570x380.jpg 570w, https:\/\/viajesfontao.com\/planestancias\/wp-content\/uploads\/2021\/03\/PARQUE-SAN-ROQUE-600x400.jpg 600w\" sizes=\"(max-width: 750px) 100vw, 750px\" \/><\/div><div class=\"trip-details\"><div class=\"left-section\"><h3><a href=\"https:\/\/viajesfontao.com\/planestancias\/packs\/ribeira-en-familia\/\" title=\"RIBEIRA EN FAMILIA\">RIBEIRA EN FAMILIA<\/a><\/h3><p class=\"trip-destination\"><i class=\"fas fa-map-marker-alt\"><\/i><a href=\"https:\/\/viajesfontao.com\/planestancias\/destinos\/espana\/galicia\/a-coruna\/\" rel=\"tag\">A Coru\u00f1a<\/a>, <a href=\"https:\/\/viajesfontao.com\/planestancias\/destinos\/espana\/\" rel=\"tag\">Espa\u00f1a<\/a>, <a href=\"https:\/\/viajesfontao.com\/planestancias\/destinos\/packs\/\" rel=\"tag\">PACKS<\/a>, <a href=\"https:\/\/viajesfontao.com\/planestancias\/destinos\/espana\/galicia\/a-coruna\/rias-baixas\/\" rel=\"tag\">R\u00edas Baixas<\/a>, <a href=\"https:\/\/viajesfontao.com\/planestancias\/destinos\/espana\/galicia\/a-coruna\/ribeira\/\" rel=\"tag\">Ribeira<\/a><\/p><\/div><div class=\"right-section\"><p>1 D\u00eda<\/p><\/div><\/div><\/div><\/div><div class=\"column dt-sc-one-third\"><div class=\"dt-sc-trip-item \"><div class=\"image-wrapper\"><img width=\"750\" height=\"500\" src=\"https:\/\/viajesfontao.com\/planestancias\/wp-content\/uploads\/2021\/02\/vinos-Altares-entre-os-rios-750x500.jpg\" class=\"attachment-dt-travel-trip-img size-dt-travel-trip-img wp-post-image\" alt=\"ESCAPADA A BARBANZA DE 2 D\u00cdAS\" loading=\"lazy\" title=\"ESCAPADA A BARBANZA DE 2 D\u00cdAS\" srcset=\"https:\/\/viajesfontao.com\/planestancias\/wp-content\/uploads\/2021\/02\/vinos-Altares-entre-os-rios-750x500.jpg 750w, https:\/\/viajesfontao.com\/planestancias\/wp-content\/uploads\/2021\/02\/vinos-Altares-entre-os-rios-300x199.jpg 300w, https:\/\/viajesfontao.com\/planestancias\/wp-content\/uploads\/2021\/02\/vinos-Altares-entre-os-rios-570x380.jpg 570w, https:\/\/viajesfontao.com\/planestancias\/wp-content\/uploads\/2021\/02\/vinos-Altares-entre-os-rios-600x400.jpg 600w\" sizes=\"(max-width: 750px) 100vw, 750px\" \/><\/div><div class=\"trip-details\"><div class=\"left-section\"><h3><a href=\"https:\/\/viajesfontao.com\/planestancias\/packs\/barbanza-escapada-2-dias\/\" title=\"ESCAPADA A BARBANZA DE 2 D\u00cdAS\">ESCAPADA A BARBANZA DE 2 D\u00cdAS<\/a><\/h3><p class=\"trip-destination\"><i class=\"fas fa-map-marker-alt\"><\/i><a href=\"https:\/\/viajesfontao.com\/planestancias\/destinos\/espana\/galicia\/a-coruna\/\" rel=\"tag\">A Coru\u00f1a<\/a>, <a href=\"https:\/\/viajesfontao.com\/planestancias\/destinos\/espana\/galicia\/a-coruna\/barbanza\/\" rel=\"tag\">Barbanza<\/a>, <a href=\"https:\/\/viajesfontao.com\/planestancias\/destinos\/espana\/\" rel=\"tag\">Espa\u00f1a<\/a>, <a href=\"https:\/\/viajesfontao.com\/planestancias\/destinos\/espana\/galicia\/\" rel=\"tag\">Galicia<\/a>, <a href=\"https:\/\/viajesfontao.com\/planestancias\/destinos\/packs\/\" rel=\"tag\">PACKS<\/a>, <a href=\"https:\/\/viajesfontao.com\/planestancias\/destinos\/espana\/galicia\/a-coruna\/pobra-do-caraminal\/\" rel=\"tag\">Pobra do Carami\u00f1al<\/a>, <a href=\"https:\/\/viajesfontao.com\/planestancias\/destinos\/espana\/galicia\/a-coruna\/rias-baixas\/\" rel=\"tag\">R\u00edas Baixas<\/a><\/p><\/div><div class=\"right-section\"><p>3 D\u00edas<\/p><span class=\"price-holder\" itemprop=\"priceRange\"><sup>&euro;<\/sup><span class=\"amount\">135<\/span><span> \/ persona<\/span><\/span><\/div><\/div><\/div><\/div><div class=\"column dt-sc-one-third\"><div class=\"dt-sc-trip-item \"><div class=\"image-wrapper\"><img width=\"750\" height=\"500\" src=\"https:\/\/viajesfontao.com\/planestancias\/wp-content\/uploads\/2021\/02\/playa-espineirido-750x500.jpg\" class=\"attachment-dt-travel-trip-img size-dt-travel-trip-img wp-post-image\" alt=\"PASEA GALICIA POR TIERRA Y MAR\" loading=\"lazy\" title=\"PASEA GALICIA POR TIERRA Y MAR\" srcset=\"https:\/\/viajesfontao.com\/planestancias\/wp-content\/uploads\/2021\/02\/playa-espineirido-750x500.jpg 750w, https:\/\/viajesfontao.com\/planestancias\/wp-content\/uploads\/2021\/02\/playa-espineirido-570x380.jpg 570w, https:\/\/viajesfontao.com\/planestancias\/wp-content\/uploads\/2021\/02\/playa-espineirido-600x400.jpg 600w\" sizes=\"(max-width: 750px) 100vw, 750px\" \/><\/div><div class=\"trip-details\"><div class=\"left-section\"><h3><a href=\"https:\/\/viajesfontao.com\/planestancias\/packs\/pasea-galicia-por-tierra-y-mar\/\" title=\"PASEA GALICIA POR TIERRA Y MAR\">PASEA GALICIA POR TIERRA Y MAR<\/a><\/h3><p class=\"trip-destination\"><i class=\"fas fa-map-marker-alt\"><\/i><a href=\"https:\/\/viajesfontao.com\/planestancias\/destinos\/espana\/galicia\/a-coruna\/\" rel=\"tag\">A Coru\u00f1a<\/a>, <a href=\"https:\/\/viajesfontao.com\/planestancias\/destinos\/espana\/galicia\/a-coruna\/barbanza\/\" rel=\"tag\">Barbanza<\/a>, <a href=\"https:\/\/viajesfontao.com\/planestancias\/destinos\/espana\/\" rel=\"tag\">Espa\u00f1a<\/a>, <a href=\"https:\/\/viajesfontao.com\/planestancias\/destinos\/espana\/galicia\/\" rel=\"tag\">Galicia<\/a>, <a href=\"https:\/\/viajesfontao.com\/planestancias\/destinos\/packs\/\" rel=\"tag\">PACKS<\/a>, <a href=\"https:\/\/viajesfontao.com\/planestancias\/destinos\/espana\/galicia\/a-coruna\/rias-baixas\/\" rel=\"tag\">R\u00edas Baixas<\/a><\/p><\/div><div class=\"right-section\"><p>3 D\u00edas<\/p><span class=\"price-holder\" itemprop=\"priceRange\"><sup>&euro;<\/sup><span class=\"amount\">225<\/span><span> \/ persona<\/span><\/span><\/div><\/div><\/div><\/div><div class=\"column dt-sc-one-third first\"><div class=\"dt-sc-trip-item \"><div class=\"image-wrapper\"><img width=\"750\" height=\"500\" src=\"https:\/\/viajesfontao.com\/planestancias\/wp-content\/uploads\/2019\/04\/planestancias015-750x500.jpg\" class=\"attachment-dt-travel-trip-img size-dt-travel-trip-img wp-post-image\" alt=\"BAUTISMO SUBMARINO RIAS BAIXAS\" loading=\"lazy\" title=\"BAUTISMO SUBMARINO RIAS BAIXAS\" srcset=\"https:\/\/viajesfontao.com\/planestancias\/wp-content\/uploads\/2019\/04\/planestancias015-750x500.jpg 750w, https:\/\/viajesfontao.com\/planestancias\/wp-content\/uploads\/2019\/04\/planestancias015-570x380.jpg 570w, https:\/\/viajesfontao.com\/planestancias\/wp-content\/uploads\/2019\/04\/planestancias015-600x400.jpg 600w\" sizes=\"(max-width: 750px) 100vw, 750px\" \/><\/div><div class=\"trip-details\"><div class=\"left-section\"><h3><a href=\"https:\/\/viajesfontao.com\/planestancias\/packs\/bautismo-submarino-rias-baixas\/\" title=\"BAUTISMO SUBMARINO RIAS BAIXAS\">BAUTISMO SUBMARINO RIAS BAIXAS<\/a><\/h3><p class=\"trip-destination\"><i class=\"fas fa-map-marker-alt\"><\/i><a href=\"https:\/\/viajesfontao.com\/planestancias\/destinos\/espana\/galicia\/a-coruna\/barbanza\/\" rel=\"tag\">Barbanza<\/a>, <a href=\"https:\/\/viajesfontao.com\/planestancias\/destinos\/espana\/\" rel=\"tag\">Espa\u00f1a<\/a>, <a href=\"https:\/\/viajesfontao.com\/planestancias\/destinos\/packs\/\" rel=\"tag\">PACKS<\/a>, <a href=\"https:\/\/viajesfontao.com\/planestancias\/destinos\/espana\/galicia\/a-coruna\/pobra-do-caraminal\/\" rel=\"tag\">Pobra do Carami\u00f1al<\/a>, <a href=\"https:\/\/viajesfontao.com\/planestancias\/destinos\/espana\/galicia\/a-coruna\/rias-baixas\/\" rel=\"tag\">R\u00edas Baixas<\/a>, <a href=\"https:\/\/viajesfontao.com\/planestancias\/destinos\/espana\/galicia\/a-coruna\/ribeira\/\" rel=\"tag\">Ribeira<\/a><\/p><\/div><div class=\"right-section\"><p>3 D\u00edas<\/p><span class=\"price-holder\" itemprop=\"priceRange\"><sup>&euro;<\/sup><span class=\"amount\">180<\/span><span> \/ persona<\/span><\/span><\/div><\/div><\/div><\/div><\/div>[\/vc_column][\/vc_row][vc_row full_width=\u00bbstretch_row\u00bb css=\u00bb.vc_custom_1620119257460{margin-bottom: 50px !important;}\u00bb][vc_column]<div class='dt-sc-title with-before-after-shape  ' data-delay='0'><h2 class='dt-sc-main-heading'>ACTIVIDADES<\/h2><h3 class='dt-sc-sub-heading'><\/h3><\/div><div id=\"1620119031563-19b9bd54-371c\" class=\"dt-sc-empty-space\"><\/div><div class=\"dt-sc-trip-list \"><div class=\"column dt-sc-one-third first\"><div class=\"dt-sc-trip-item \"><div class=\"image-wrapper\"><img width=\"750\" height=\"500\" src=\"https:\/\/viajesfontao.com\/planestancias\/wp-content\/uploads\/2021\/03\/PARQUE-SAN-ROQUE-750x500.jpg\" class=\"attachment-dt-travel-trip-img size-dt-travel-trip-img wp-post-image\" alt=\"GINKANA DE INTERPRETACI\u00d3N ARQUEOL\u00d3GICA\" loading=\"lazy\" title=\"GINKANA DE INTERPRETACI\u00d3N ARQUEOL\u00d3GICA\" srcset=\"https:\/\/viajesfontao.com\/planestancias\/wp-content\/uploads\/2021\/03\/PARQUE-SAN-ROQUE-750x500.jpg 750w, https:\/\/viajesfontao.com\/planestancias\/wp-content\/uploads\/2021\/03\/PARQUE-SAN-ROQUE-570x380.jpg 570w, https:\/\/viajesfontao.com\/planestancias\/wp-content\/uploads\/2021\/03\/PARQUE-SAN-ROQUE-600x400.jpg 600w\" sizes=\"(max-width: 750px) 100vw, 750px\" \/><\/div><div class=\"trip-details\"><div class=\"left-section\"><h3><a href=\"https:\/\/viajesfontao.com\/planestancias\/packs\/ginkana-de-interpretacion-arqueologica\/\" title=\"GINKANA DE INTERPRETACI\u00d3N ARQUEOL\u00d3GICA\">GINKANA DE INTERPRETACI\u00d3N ARQUEOL\u00d3GICA<\/a><\/h3><p class=\"trip-destination\"><i class=\"fas fa-map-marker-alt\"><\/i><a href=\"https:\/\/viajesfontao.com\/planestancias\/destinos\/espana\/galicia\/a-coruna\/\" rel=\"tag\">A Coru\u00f1a<\/a>, <a href=\"https:\/\/viajesfontao.com\/planestancias\/destinos\/aventuras\/\" rel=\"tag\">AVENTURAS<\/a>, <a href=\"https:\/\/viajesfontao.com\/planestancias\/destinos\/espana\/galicia\/a-coruna\/barbanza\/\" rel=\"tag\">Barbanza<\/a>, <a href=\"https:\/\/viajesfontao.com\/planestancias\/destinos\/espana\/\" rel=\"tag\">Espa\u00f1a<\/a>, <a href=\"https:\/\/viajesfontao.com\/planestancias\/destinos\/espana\/galicia\/\" rel=\"tag\">Galicia<\/a>, <a href=\"https:\/\/viajesfontao.com\/planestancias\/destinos\/espana\/galicia\/a-coruna\/rias-baixas\/\" rel=\"tag\">R\u00edas Baixas<\/a>, <a href=\"https:\/\/viajesfontao.com\/planestancias\/destinos\/espana\/galicia\/a-coruna\/ribeira\/\" rel=\"tag\">Ribeira<\/a><\/p><\/div><div class=\"right-section\"><p> D\u00eda<\/p><span class=\"price-holder\" itemprop=\"priceRange\"><sup>&euro;<\/sup><span class=\"amount\">12<\/span><span> \/ persona<\/span><\/span><\/div><\/div><\/div><\/div><div class=\"column dt-sc-one-third\"><div class=\"dt-sc-trip-item \"><div class=\"image-wrapper\"><img width=\"750\" height=\"500\" src=\"https:\/\/viajesfontao.com\/planestancias\/wp-content\/uploads\/2021\/02\/sirena_y_pazo_de_salvora-750x500.jpg\" class=\"attachment-dt-travel-trip-img size-dt-travel-trip-img wp-post-image\" alt=\"S\u00c1LVORA EN LANCHA R\u00c1PIDA\" loading=\"lazy\" title=\"S\u00c1LVORA EN LANCHA R\u00c1PIDA\" srcset=\"https:\/\/viajesfontao.com\/planestancias\/wp-content\/uploads\/2021\/02\/sirena_y_pazo_de_salvora-750x500.jpg 750w, https:\/\/viajesfontao.com\/planestancias\/wp-content\/uploads\/2021\/02\/sirena_y_pazo_de_salvora-300x200.jpg 300w, https:\/\/viajesfontao.com\/planestancias\/wp-content\/uploads\/2021\/02\/sirena_y_pazo_de_salvora-768x511.jpg 768w, https:\/\/viajesfontao.com\/planestancias\/wp-content\/uploads\/2021\/02\/sirena_y_pazo_de_salvora-570x380.jpg 570w, https:\/\/viajesfontao.com\/planestancias\/wp-content\/uploads\/2021\/02\/sirena_y_pazo_de_salvora-600x400.jpg 600w, https:\/\/viajesfontao.com\/planestancias\/wp-content\/uploads\/2021\/02\/sirena_y_pazo_de_salvora-540x359.jpg 540w, https:\/\/viajesfontao.com\/planestancias\/wp-content\/uploads\/2021\/02\/sirena_y_pazo_de_salvora.jpg 800w\" sizes=\"(max-width: 750px) 100vw, 750px\" \/><\/div><div class=\"trip-details\"><div class=\"left-section\"><h3><a href=\"https:\/\/viajesfontao.com\/planestancias\/packs\/salvora-en-lancha-rapida\/\" title=\"S\u00c1LVORA EN LANCHA R\u00c1PIDA\">S\u00c1LVORA EN LANCHA R\u00c1PIDA<\/a><\/h3><p class=\"trip-destination\"><i class=\"fas fa-map-marker-alt\"><\/i><a href=\"https:\/\/viajesfontao.com\/planestancias\/destinos\/aventuras\/\" rel=\"tag\">AVENTURAS<\/a>, <a href=\"https:\/\/viajesfontao.com\/planestancias\/destinos\/espana\/\" rel=\"tag\">Espa\u00f1a<\/a>, <a href=\"https:\/\/viajesfontao.com\/planestancias\/destinos\/espana\/galicia\/\" rel=\"tag\">Galicia<\/a>, <a href=\"https:\/\/viajesfontao.com\/planestancias\/destinos\/espana\/galicia\/a-coruna\/rias-baixas\/\" rel=\"tag\">R\u00edas Baixas<\/a>, <a href=\"https:\/\/viajesfontao.com\/planestancias\/destinos\/espana\/galicia\/a-coruna\/ribeira\/\" rel=\"tag\">Ribeira<\/a>, <a href=\"https:\/\/viajesfontao.com\/planestancias\/destinos\/aventuras\/turismo-nautico\/\" rel=\"tag\">TURISMO N\u00c1UTICO<\/a><\/p><\/div><div class=\"right-section\"><p> D\u00eda<\/p><span class=\"price-holder\" itemprop=\"priceRange\"><sup>&euro;<\/sup><span class=\"amount\">30<\/span><span> \/ persona<\/span><\/span><\/div><\/div><\/div><\/div><div class=\"column dt-sc-one-third\"><div class=\"dt-sc-trip-item \"><div class=\"image-wrapper\"><img width=\"750\" height=\"500\" src=\"https:\/\/viajesfontao.com\/planestancias\/wp-content\/uploads\/2021\/02\/playa-espineirido-750x500.jpg\" class=\"attachment-dt-travel-trip-img size-dt-travel-trip-img wp-post-image\" alt=\"RUTA A CABALLO\" loading=\"lazy\" title=\"RUTA A CABALLO\" srcset=\"https:\/\/viajesfontao.com\/planestancias\/wp-content\/uploads\/2021\/02\/playa-espineirido-750x500.jpg 750w, https:\/\/viajesfontao.com\/planestancias\/wp-content\/uploads\/2021\/02\/playa-espineirido-570x380.jpg 570w, https:\/\/viajesfontao.com\/planestancias\/wp-content\/uploads\/2021\/02\/playa-espineirido-600x400.jpg 600w\" sizes=\"(max-width: 750px) 100vw, 750px\" \/><\/div><div class=\"trip-details\"><div class=\"left-section\"><h3><a href=\"https:\/\/viajesfontao.com\/planestancias\/packs\/ruta-a-caballo\/\" title=\"RUTA A CABALLO\">RUTA A CABALLO<\/a><\/h3><p class=\"trip-destination\"><i class=\"fas fa-map-marker-alt\"><\/i><a href=\"https:\/\/viajesfontao.com\/planestancias\/destinos\/espana\/galicia\/a-coruna\/\" rel=\"tag\">A Coru\u00f1a<\/a>, <a href=\"https:\/\/viajesfontao.com\/planestancias\/destinos\/aventuras\/\" rel=\"tag\">AVENTURAS<\/a>, <a href=\"https:\/\/viajesfontao.com\/planestancias\/destinos\/espana\/galicia\/a-coruna\/barbanza\/\" rel=\"tag\">Barbanza<\/a>, <a href=\"https:\/\/viajesfontao.com\/planestancias\/destinos\/espana\/\" rel=\"tag\">Espa\u00f1a<\/a>, <a href=\"https:\/\/viajesfontao.com\/planestancias\/destinos\/espana\/galicia\/\" rel=\"tag\">Galicia<\/a>, <a href=\"https:\/\/viajesfontao.com\/planestancias\/destinos\/aventuras\/paseo-a-caballo\/\" rel=\"tag\">PASEO A CABALLO<\/a>, <a href=\"https:\/\/viajesfontao.com\/planestancias\/destinos\/espana\/galicia\/a-coruna\/rias-baixas\/\" rel=\"tag\">R\u00edas Baixas<\/a><\/p><\/div><div class=\"right-section\"><p> D\u00eda<\/p><span class=\"price-holder\" itemprop=\"priceRange\"><sup>&euro;<\/sup><span class=\"amount\">28<\/span><span> \/ persona<\/span><\/span><\/div><\/div><\/div><\/div><div class=\"column dt-sc-one-third first\"><div class=\"dt-sc-trip-item \"><div class=\"image-wrapper\"><img width=\"720\" height=\"496\" src=\"https:\/\/viajesfontao.com\/planestancias\/wp-content\/uploads\/2021\/03\/AREOSO.png\" class=\"attachment-dt-travel-trip-img size-dt-travel-trip-img wp-post-image\" alt=\"ISLOTE AREOSO\" loading=\"lazy\" title=\"ISLOTE AREOSO\" srcset=\"https:\/\/viajesfontao.com\/planestancias\/wp-content\/uploads\/2021\/03\/AREOSO.png 720w, https:\/\/viajesfontao.com\/planestancias\/wp-content\/uploads\/2021\/03\/AREOSO-300x207.png 300w, https:\/\/viajesfontao.com\/planestancias\/wp-content\/uploads\/2021\/03\/AREOSO-540x372.png 540w\" sizes=\"(max-width: 720px) 100vw, 720px\" \/><\/div><div class=\"trip-details\"><div class=\"left-section\"><h3><a href=\"https:\/\/viajesfontao.com\/planestancias\/packs\/islote-areoso\/\" title=\"ISLOTE AREOSO\">ISLOTE AREOSO<\/a><\/h3><p class=\"trip-destination\"><i class=\"fas fa-map-marker-alt\"><\/i><a href=\"https:\/\/viajesfontao.com\/planestancias\/destinos\/espana\/galicia\/a-coruna\/\" rel=\"tag\">A Coru\u00f1a<\/a>, <a href=\"https:\/\/viajesfontao.com\/planestancias\/destinos\/espana\/galicia\/a-coruna\/barbanza\/\" rel=\"tag\">Barbanza<\/a>, <a href=\"https:\/\/viajesfontao.com\/planestancias\/destinos\/espana\/galicia\/\" rel=\"tag\">Galicia<\/a>, <a href=\"https:\/\/viajesfontao.com\/planestancias\/destinos\/espana\/galicia\/a-coruna\/pobra-do-caraminal\/\" rel=\"tag\">Pobra do Carami\u00f1al<\/a>, <a href=\"https:\/\/viajesfontao.com\/planestancias\/destinos\/espana\/galicia\/a-coruna\/rias-baixas\/\" rel=\"tag\">R\u00edas Baixas<\/a>, <a href=\"https:\/\/viajesfontao.com\/planestancias\/destinos\/espana\/galicia\/a-coruna\/ribeira\/\" rel=\"tag\">Ribeira<\/a>, <a href=\"https:\/\/viajesfontao.com\/planestancias\/destinos\/aventuras\/turismo-nautico\/\" rel=\"tag\">TURISMO N\u00c1UTICO<\/a><\/p><\/div><div class=\"right-section\"><p> D\u00eda<\/p><span class=\"price-holder\" itemprop=\"priceRange\"><sup>&euro;<\/sup><span class=\"amount\">25<\/span><span> \/ persona<\/span><\/span><\/div><\/div><\/div><\/div><div class=\"column dt-sc-one-third\"><div class=\"dt-sc-trip-item \"><div class=\"image-wrapper\"><img width=\"750\" height=\"500\" src=\"https:\/\/viajesfontao.com\/planestancias\/wp-content\/uploads\/2021\/02\/scuba-750x500.jpg\" class=\"attachment-dt-travel-trip-img size-dt-travel-trip-img wp-post-image\" alt=\"BAUTISMO SUBMARINO\" loading=\"lazy\" title=\"BAUTISMO SUBMARINO\" srcset=\"https:\/\/viajesfontao.com\/planestancias\/wp-content\/uploads\/2021\/02\/scuba-750x500.jpg 750w, https:\/\/viajesfontao.com\/planestancias\/wp-content\/uploads\/2021\/02\/scuba-570x380.jpg 570w, https:\/\/viajesfontao.com\/planestancias\/wp-content\/uploads\/2021\/02\/scuba-600x400.jpg 600w\" sizes=\"(max-width: 750px) 100vw, 750px\" \/><\/div><div class=\"trip-details\"><div class=\"left-section\"><h3><a href=\"https:\/\/viajesfontao.com\/planestancias\/packs\/bautismo-submarino\/\" title=\"BAUTISMO SUBMARINO\">BAUTISMO SUBMARINO<\/a><\/h3><p class=\"trip-destination\"><i class=\"fas fa-map-marker-alt\"><\/i><a href=\"https:\/\/viajesfontao.com\/planestancias\/destinos\/aventuras\/\" rel=\"tag\">AVENTURAS<\/a>, <a href=\"https:\/\/viajesfontao.com\/planestancias\/destinos\/espana\/galicia\/a-coruna\/barbanza\/\" rel=\"tag\">Barbanza<\/a>, <a href=\"https:\/\/viajesfontao.com\/planestancias\/destinos\/espana\/galicia\/a-coruna\/rias-baixas\/\" rel=\"tag\">R\u00edas Baixas<\/a><\/p><\/div><div class=\"right-section\"><p> D\u00eda<\/p><span class=\"price-holder\" itemprop=\"priceRange\"><sup>&euro;<\/sup><span class=\"amount\">75<\/span><span> \/ persona<\/span><\/span><\/div><\/div><\/div><\/div><div class=\"column dt-sc-one-third\"><div class=\"dt-sc-trip-item \"><div class=\"image-wrapper\"><img width=\"750\" height=\"500\" src=\"https:\/\/viajesfontao.com\/planestancias\/wp-content\/uploads\/2021\/03\/PADDLE-SURF--750x500.jpg\" class=\"attachment-dt-travel-trip-img size-dt-travel-trip-img wp-post-image\" alt=\"PADDLE SURF\" loading=\"lazy\" title=\"PADDLE SURF\" srcset=\"https:\/\/viajesfontao.com\/planestancias\/wp-content\/uploads\/2021\/03\/PADDLE-SURF--750x500.jpg 750w, https:\/\/viajesfontao.com\/planestancias\/wp-content\/uploads\/2021\/03\/PADDLE-SURF--570x380.jpg 570w, https:\/\/viajesfontao.com\/planestancias\/wp-content\/uploads\/2021\/03\/PADDLE-SURF--600x400.jpg 600w\" sizes=\"(max-width: 750px) 100vw, 750px\" \/><\/div><div class=\"trip-details\"><div class=\"left-section\"><h3><a href=\"https:\/\/viajesfontao.com\/planestancias\/packs\/paddle-surf\/\" title=\"PADDLE SURF\">PADDLE SURF<\/a><\/h3><p class=\"trip-destination\"><i class=\"fas fa-map-marker-alt\"><\/i><a href=\"https:\/\/viajesfontao.com\/planestancias\/destinos\/espana\/galicia\/a-coruna\/\" rel=\"tag\">A Coru\u00f1a<\/a>, <a href=\"https:\/\/viajesfontao.com\/planestancias\/destinos\/aventuras\/\" rel=\"tag\">AVENTURAS<\/a>, <a href=\"https:\/\/viajesfontao.com\/planestancias\/destinos\/espana\/galicia\/a-coruna\/barbanza\/\" rel=\"tag\">Barbanza<\/a>, <a href=\"https:\/\/viajesfontao.com\/planestancias\/destinos\/espana\/\" rel=\"tag\">Espa\u00f1a<\/a>, <a href=\"https:\/\/viajesfontao.com\/planestancias\/destinos\/espana\/galicia\/\" rel=\"tag\">Galicia<\/a>, <a href=\"https:\/\/viajesfontao.com\/planestancias\/destinos\/paddle-surf\/\" rel=\"tag\">PADDLE SURF<\/a>, <a href=\"https:\/\/viajesfontao.com\/planestancias\/destinos\/espana\/galicia\/a-coruna\/rias-baixas\/\" rel=\"tag\">R\u00edas Baixas<\/a>, <a href=\"https:\/\/viajesfontao.com\/planestancias\/destinos\/espana\/galicia\/a-coruna\/ribeira\/\" rel=\"tag\">Ribeira<\/a>, <a href=\"https:\/\/viajesfontao.com\/planestancias\/destinos\/aventuras\/turismo-nautico\/\" rel=\"tag\">TURISMO N\u00c1UTICO<\/a><\/p><\/div><div class=\"right-section\"><p> D\u00eda<\/p><span class=\"price-holder\" itemprop=\"priceRange\"><sup>&euro;<\/sup><span class=\"amount\">13<\/span><span> \/ persona<\/span><\/span><\/div><\/div><\/div><\/div><div class=\"column dt-sc-one-third first\"><div class=\"dt-sc-trip-item \"><div class=\"image-wrapper\"><img width=\"750\" height=\"500\" src=\"https:\/\/viajesfontao.com\/planestancias\/wp-content\/uploads\/2021\/03\/KAYAK2-750x500.jpg\" class=\"attachment-dt-travel-trip-img size-dt-travel-trip-img wp-post-image\" alt=\"KAYAK\" loading=\"lazy\" title=\"KAYAK\" srcset=\"https:\/\/viajesfontao.com\/planestancias\/wp-content\/uploads\/2021\/03\/KAYAK2-750x500.jpg 750w, https:\/\/viajesfontao.com\/planestancias\/wp-content\/uploads\/2021\/03\/KAYAK2-570x380.jpg 570w, https:\/\/viajesfontao.com\/planestancias\/wp-content\/uploads\/2021\/03\/KAYAK2-600x400.jpg 600w\" sizes=\"(max-width: 750px) 100vw, 750px\" \/><\/div><div class=\"trip-details\"><div class=\"left-section\"><h3><a href=\"https:\/\/viajesfontao.com\/planestancias\/packs\/kayak\/\" title=\"KAYAK\">KAYAK<\/a><\/h3><p class=\"trip-destination\"><i class=\"fas fa-map-marker-alt\"><\/i><a href=\"https:\/\/viajesfontao.com\/planestancias\/destinos\/espana\/galicia\/a-coruna\/\" rel=\"tag\">A Coru\u00f1a<\/a>, <a href=\"https:\/\/viajesfontao.com\/planestancias\/destinos\/aventuras\/\" rel=\"tag\">AVENTURAS<\/a>, <a href=\"https:\/\/viajesfontao.com\/planestancias\/destinos\/espana\/galicia\/a-coruna\/barbanza\/\" rel=\"tag\">Barbanza<\/a>, <a href=\"https:\/\/viajesfontao.com\/planestancias\/destinos\/espana\/\" rel=\"tag\">Espa\u00f1a<\/a>, <a href=\"https:\/\/viajesfontao.com\/planestancias\/destinos\/espana\/galicia\/\" rel=\"tag\">Galicia<\/a>, <a href=\"https:\/\/viajesfontao.com\/planestancias\/destinos\/kayak\/\" rel=\"tag\">KAYAK<\/a>, <a href=\"https:\/\/viajesfontao.com\/planestancias\/destinos\/paddle-surf\/\" rel=\"tag\">PADDLE SURF<\/a>, <a href=\"https:\/\/viajesfontao.com\/planestancias\/destinos\/espana\/galicia\/a-coruna\/rias-baixas\/\" rel=\"tag\">R\u00edas Baixas<\/a>, <a href=\"https:\/\/viajesfontao.com\/planestancias\/destinos\/espana\/galicia\/a-coruna\/ribeira\/\" rel=\"tag\">Ribeira<\/a>, <a href=\"https:\/\/viajesfontao.com\/planestancias\/destinos\/aventuras\/turismo-nautico\/\" rel=\"tag\">TURISMO N\u00c1UTICO<\/a><\/p><\/div><div class=\"right-section\"><p> D\u00eda<\/p><span class=\"price-holder\" itemprop=\"priceRange\"><sup>&euro;<\/sup><span class=\"amount\">13<\/span><span> \/ persona<\/span><\/span><\/div><\/div><\/div><\/div><div class=\"column dt-sc-one-third\"><div class=\"dt-sc-trip-item \"><div class=\"image-wrapper\"><img width=\"750\" height=\"500\" src=\"https:\/\/viajesfontao.com\/planestancias\/wp-content\/uploads\/2021\/03\/VELERO-NALON-750x500.jpeg\" class=\"attachment-dt-travel-trip-img size-dt-travel-trip-img wp-post-image\" alt=\"ATARDECER EN VELERO\" loading=\"lazy\" title=\"ATARDECER EN VELERO\" srcset=\"https:\/\/viajesfontao.com\/planestancias\/wp-content\/uploads\/2021\/03\/VELERO-NALON-750x500.jpeg 750w, https:\/\/viajesfontao.com\/planestancias\/wp-content\/uploads\/2021\/03\/VELERO-NALON-570x380.jpeg 570w, https:\/\/viajesfontao.com\/planestancias\/wp-content\/uploads\/2021\/03\/VELERO-NALON-600x400.jpeg 600w\" sizes=\"(max-width: 750px) 100vw, 750px\" \/><\/div><div class=\"trip-details\"><div class=\"left-section\"><h3><a href=\"https:\/\/viajesfontao.com\/planestancias\/packs\/atardecer-en-velero\/\" title=\"ATARDECER EN VELERO\">ATARDECER EN VELERO<\/a><\/h3><p class=\"trip-destination\"><i class=\"fas fa-map-marker-alt\"><\/i><a href=\"https:\/\/viajesfontao.com\/planestancias\/destinos\/espana\/galicia\/a-coruna\/\" rel=\"tag\">A Coru\u00f1a<\/a>, <a href=\"https:\/\/viajesfontao.com\/planestancias\/destinos\/aventuras\/\" rel=\"tag\">AVENTURAS<\/a>, <a href=\"https:\/\/viajesfontao.com\/planestancias\/destinos\/espana\/galicia\/a-coruna\/barbanza\/\" rel=\"tag\">Barbanza<\/a>, <a href=\"https:\/\/viajesfontao.com\/planestancias\/destinos\/espana\/\" rel=\"tag\">Espa\u00f1a<\/a>, <a href=\"https:\/\/viajesfontao.com\/planestancias\/destinos\/espana\/galicia\/\" rel=\"tag\">Galicia<\/a>, <a href=\"https:\/\/viajesfontao.com\/planestancias\/destinos\/espana\/galicia\/a-coruna\/rias-baixas\/\" rel=\"tag\">R\u00edas Baixas<\/a>, <a href=\"https:\/\/viajesfontao.com\/planestancias\/destinos\/aventuras\/turismo-nautico\/\" rel=\"tag\">TURISMO N\u00c1UTICO<\/a>, <a href=\"https:\/\/viajesfontao.com\/planestancias\/destinos\/aventuras\/turismo-nautico\/velero\/\" rel=\"tag\">VELERO<\/a><\/p><\/div><div class=\"right-section\"><p>1 D\u00eda<\/p><span class=\"price-holder\" itemprop=\"priceRange\"><sup>&euro;<\/sup><span class=\"amount\">23<\/span><span> \/ persona<\/span><\/span><\/div><\/div><\/div><\/div><div class=\"column dt-sc-one-third\"><div class=\"dt-sc-trip-item \"><div class=\"image-wrapper\"><img width=\"750\" height=\"500\" src=\"https:\/\/viajesfontao.com\/planestancias\/wp-content\/uploads\/2021\/03\/BARCO-SIN-PATRON-2-750x500.jpeg\" class=\"attachment-dt-travel-trip-img size-dt-travel-trip-img wp-post-image\" alt=\"BARCO 6 METROS SIN PATR\u00d3N\" loading=\"lazy\" title=\"BARCO 6 METROS SIN PATR\u00d3N\" srcset=\"https:\/\/viajesfontao.com\/planestancias\/wp-content\/uploads\/2021\/03\/BARCO-SIN-PATRON-2-750x500.jpeg 750w, https:\/\/viajesfontao.com\/planestancias\/wp-content\/uploads\/2021\/03\/BARCO-SIN-PATRON-2-570x380.jpeg 570w, https:\/\/viajesfontao.com\/planestancias\/wp-content\/uploads\/2021\/03\/BARCO-SIN-PATRON-2-600x400.jpeg 600w\" sizes=\"(max-width: 750px) 100vw, 750px\" \/><\/div><div class=\"trip-details\"><div class=\"left-section\"><h3><a href=\"https:\/\/viajesfontao.com\/planestancias\/packs\/barco-6-metros-sin-patron\/\" title=\"BARCO 6 METROS SIN PATR\u00d3N\">BARCO 6 METROS SIN PATR\u00d3N<\/a><\/h3><p class=\"trip-destination\"><i class=\"fas fa-map-marker-alt\"><\/i><a href=\"https:\/\/viajesfontao.com\/planestancias\/destinos\/espana\/galicia\/a-coruna\/\" rel=\"tag\">A Coru\u00f1a<\/a>, <a href=\"https:\/\/viajesfontao.com\/planestancias\/destinos\/aventuras\/\" rel=\"tag\">AVENTURAS<\/a>, <a href=\"https:\/\/viajesfontao.com\/planestancias\/destinos\/espana\/galicia\/a-coruna\/barbanza\/\" rel=\"tag\">Barbanza<\/a>, <a href=\"https:\/\/viajesfontao.com\/planestancias\/destinos\/espana\/\" rel=\"tag\">Espa\u00f1a<\/a>, <a href=\"https:\/\/viajesfontao.com\/planestancias\/destinos\/espana\/galicia\/\" rel=\"tag\">Galicia<\/a>, <a href=\"https:\/\/viajesfontao.com\/planestancias\/destinos\/espana\/galicia\/a-coruna\/rias-baixas\/\" rel=\"tag\">R\u00edas Baixas<\/a>, <a href=\"https:\/\/viajesfontao.com\/planestancias\/destinos\/aventuras\/turismo-nautico\/\" rel=\"tag\">TURISMO N\u00c1UTICO<\/a><\/p><\/div><div class=\"right-section\"><p> D\u00eda<\/p><span class=\"price-holder\" itemprop=\"priceRange\"><sup>&euro;<\/sup><span class=\"amount\">160<\/span><span> \/ persona<\/span><\/span><\/div><\/div><\/div><\/div><div class=\"column dt-sc-one-third first\"><div class=\"dt-sc-trip-item \"><div class=\"image-wrapper\"><img width=\"750\" height=\"500\" src=\"https:\/\/viajesfontao.com\/planestancias\/wp-content\/uploads\/2021\/05\/bike02-750x500.jpg\" class=\"attachment-dt-travel-trip-img size-dt-travel-trip-img wp-post-image\" alt=\"BICI EL\u00c9CTRICA\" loading=\"lazy\" title=\"BICI EL\u00c9CTRICA\" srcset=\"https:\/\/viajesfontao.com\/planestancias\/wp-content\/uploads\/2021\/05\/bike02-750x500.jpg 750w, https:\/\/viajesfontao.com\/planestancias\/wp-content\/uploads\/2021\/05\/bike02-300x200.jpg 300w, https:\/\/viajesfontao.com\/planestancias\/wp-content\/uploads\/2021\/05\/bike02-1024x683.jpg 1024w, https:\/\/viajesfontao.com\/planestancias\/wp-content\/uploads\/2021\/05\/bike02-768x512.jpg 768w, https:\/\/viajesfontao.com\/planestancias\/wp-content\/uploads\/2021\/05\/bike02-1536x1024.jpg 1536w, https:\/\/viajesfontao.com\/planestancias\/wp-content\/uploads\/2021\/05\/bike02-2048x1365.jpg 2048w, https:\/\/viajesfontao.com\/planestancias\/wp-content\/uploads\/2021\/05\/bike02-570x380.jpg 570w, https:\/\/viajesfontao.com\/planestancias\/wp-content\/uploads\/2021\/05\/bike02-600x400.jpg 600w, https:\/\/viajesfontao.com\/planestancias\/wp-content\/uploads\/2021\/05\/bike02-540x360.jpg 540w, https:\/\/viajesfontao.com\/planestancias\/wp-content\/uploads\/2021\/05\/bike02-1000x667.jpg 1000w\" sizes=\"(max-width: 750px) 100vw, 750px\" \/><\/div><div class=\"trip-details\"><div class=\"left-section\"><h3><a href=\"https:\/\/viajesfontao.com\/planestancias\/packs\/bici-electrica\/\" title=\"BICI EL\u00c9CTRICA\">BICI EL\u00c9CTRICA<\/a><\/h3><p class=\"trip-destination\"><i class=\"fas fa-map-marker-alt\"><\/i><a href=\"https:\/\/viajesfontao.com\/planestancias\/destinos\/aventuras\/\" rel=\"tag\">AVENTURAS<\/a>, <a href=\"https:\/\/viajesfontao.com\/planestancias\/destinos\/espana\/galicia\/a-coruna\/barbanza\/\" rel=\"tag\">Barbanza<\/a>, <a href=\"https:\/\/viajesfontao.com\/planestancias\/destinos\/bici-electrica\/\" rel=\"tag\">BICI ELECTRICA<\/a>, <a href=\"https:\/\/viajesfontao.com\/planestancias\/destinos\/espana\/galicia\/\" rel=\"tag\">Galicia<\/a>, <a href=\"https:\/\/viajesfontao.com\/planestancias\/destinos\/espana\/galicia\/a-coruna\/rias-baixas\/\" rel=\"tag\">R\u00edas Baixas<\/a><\/p><\/div><div class=\"right-section\"><p>1 D\u00eda<\/p><span class=\"price-holder\" itemprop=\"priceRange\"><sup>&euro;<\/sup><span class=\"amount\">50<\/span><span> \/ persona<\/span><\/span><\/div><\/div><\/div><\/div><\/div>[\/vc_column][\/vc_row][vc_row full_width=\u00bbstretch_row_content_no_spaces\u00bb css=\u00bb.vc_custom_1611047487523{background: #0099a8 url(https:\/\/viajesfontao.com\/planestancias\/wp-content\/uploads\/2020\/12\/fondo-porque.png?id=21218) !important;background-position: center !important;background-repeat: no-repeat !important;background-size: cover !important;}\u00bb][vc_column][vc_row_inner][vc_column_inner width=\u00bb1\/4&#8243;][\/vc_column_inner][vc_column_inner width=\u00bb1\/2&#8243;]<div id=\"1609181220776-4d1cafa0-b58e\" class=\"dt-sc-empty-space\"><\/div>[vc_column_text]<\/p>\n<h2 style=\"text-align: center;\"><span style=\"color: #ffffff;\">POR QU\u00c9 NOSOTROS ? Hacemos el proceso f\u00e1cil<\/span><\/h2>\n<p>[\/vc_column_text][\/vc_column_inner][vc_column_inner width=\u00bb1\/4&#8243;][\/vc_column_inner][\/vc_row_inner][vc_row_inner][vc_column_inner width=\u00bb1\/2&#8243; css=\u00bb.vc_custom_1611047411646{padding-right: 15% !important;padding-bottom: 0px !important;padding-left: 15% !important;}\u00bb]<div id=\"1609181775950-49e69206-2f83\" class=\"dt-sc-empty-space\"><\/div>[vc_custom_heading text=\u00bbCALIDAD\u00bb font_container=\u00bbtag:h2|text_align:left|color:%23000000&#8243; google_fonts=\u00bbfont_family:Roboto%3A100%2C100italic%2C300%2C300italic%2Cregular%2Citalic%2C500%2C500italic%2C700%2C700italic%2C900%2C900italic|font_style:900%20bold%20regular%3A900%3Anormal\u00bb][vc_column_text]<span style=\"color: #ffffff;\"><strong>Puede confiar en nosotros:<\/strong> descripciones detalladas de todas las propiedades.<br \/>\nLas preguntas especiales sobre las casas y el entorno se pueden aclarar r\u00e1pidamente.<\/span>[\/vc_column_text][vc_custom_heading text=\u00bbCOMO EN CASA\u00bb font_container=\u00bbtag:h2|text_align:left|color:%23000000&#8243; google_fonts=\u00bbfont_family:Roboto%3A100%2C100italic%2C300%2C300italic%2Cregular%2Citalic%2C500%2C500italic%2C700%2C700italic%2C900%2C900italic|font_style:900%20bold%20regular%3A900%3Anormal\u00bb][vc_column_text]<span style=\"color: #ffffff;\"><strong>Disfruta de cocinas totalmente equipadas,piscinas, terrazas y \u00a1mucho m\u00e1s!.<\/strong><\/span>[\/vc_column_text][\/vc_column_inner][vc_column_inner width=\u00bb1\/2&#8243; css=\u00bb.vc_custom_1611047424786{padding-right: 15% !important;padding-bottom: 10px !important;padding-left: 15% !important;}\u00bb]<div id=\"1609172403717-3f1eb3a0-fd15\" class=\"dt-sc-empty-space\"><\/div>[vc_custom_heading text=\u00bbSIN SORPRESAS\u00bb font_container=\u00bbtag:h2|text_align:left|color:%23000000&#8243; google_fonts=\u00bbfont_family:Roboto%3A100%2C100italic%2C300%2C300italic%2Cregular%2Citalic%2C500%2C500italic%2C700%2C700italic%2C900%2C900italic|font_style:900%20bold%20regular%3A900%3Anormal\u00bb][vc_column_text]<span style=\"color: #ffffff;\"> Para examinar m\u00e1s en detalle la propiedad, utiliza la aplicaci\u00f3n de<br \/>\nGoogle Maps.<\/span>[\/vc_column_text][vc_custom_heading text=\u00bbSIN COMPLICACIONES\u00bb font_container=\u00bbtag:h2|text_align:left|color:%23000000&#8243; google_fonts=\u00bbfont_family:Roboto%3A100%2C100italic%2C300%2C300italic%2Cregular%2Citalic%2C500%2C500italic%2C700%2C700italic%2C900%2C900italic|font_style:900%20bold%20regular%3A900%3Anormal\u00bb][vc_column_text]<span style=\"color: #ffffff;\"><strong>Reg\u00e1late un viaje sin complicaciones: desde que reservas hasta que llegas a tu destino..<\/strong><\/span>[\/vc_column_text][\/vc_column_inner][\/vc_row_inner][vc_row_inner][vc_column_inner]<div id=\"1609241017457-b5e000a5-841c\" class=\"dt-sc-empty-space\"><\/div>[\/vc_column_inner][\/vc_row_inner][vc_row_inner][vc_column_inner css=\u00bb.vc_custom_1614191055135{padding-top: 125px !important;padding-bottom: 125px !important;background-image: url(https:\/\/viajesfontao.com\/planestancias\/wp-content\/uploads\/2020\/12\/alquiler-vacacional-01.png?id=21216) !important;background-position: center !important;background-repeat: no-repeat !important;background-size: contain !important;}\u00bb][\/vc_column_inner][\/vc_row_inner][\/vc_column][\/vc_row][vc_row css=\u00bb.vc_custom_1619116487275{margin-bottom: 50px !important;}\u00bb][vc_column]<div class='dt-sc-title with-two-color-stripe  ' data-delay='0'><h3 class='dt-sc-sub-heading'>Rutas a caballo, playa y mucho m\u00e1s<\/h3><h2 class='dt-sc-main-heading'>Alquileres Vacacionales<\/h2><h5>Turismo en Galicia<\/h5><\/div><div id=\"1609170810963-25e42a89-caa7\" class=\"dt-sc-empty-space\"><\/div>[vc_row_inner][vc_column_inner width=\u00bb1\/2&#8243;][vc_column_text]<div class=\"mphb_sc_room-wrapper \">\n<div class=\"mphb-room-type post-21743 mphb_room_type type-mphb_room_type status-publish has-post-thumbnail mphb_room_type_category-a-coruna mphb_room_type_category-apartamento-turistico mphb_room_type_category-casa-playa mphb_room_type_category-espinerido mphb_room_type_category-porto-do-son mphb_room_type_category-serans mphb-room-type-adults-6 mphb-room-type-children-0\">\n\n\n\n\t\n\n\n\t\n\n\n\n\n\n\t<p class=\"post-thumbnail mphb-loop-room-thumbnail\">\n\n\n\t<a href=\"https:\/\/viajesfontao.com\/planestancias\/accommodation\/cubelas\/\">\n\n\t<img width=\"1280\" height=\"851\" src=\"https:\/\/viajesfontao.com\/planestancias\/wp-content\/uploads\/2021\/04\/cubelas063.jpg\" class=\"attachment-post-thumbnail size-post-thumbnail wp-post-image\" alt=\"\" loading=\"lazy\" srcset=\"https:\/\/viajesfontao.com\/planestancias\/wp-content\/uploads\/2021\/04\/cubelas063.jpg 1280w, https:\/\/viajesfontao.com\/planestancias\/wp-content\/uploads\/2021\/04\/cubelas063-300x199.jpg 300w, https:\/\/viajesfontao.com\/planestancias\/wp-content\/uploads\/2021\/04\/cubelas063-1024x681.jpg 1024w, https:\/\/viajesfontao.com\/planestancias\/wp-content\/uploads\/2021\/04\/cubelas063-768x511.jpg 768w, https:\/\/viajesfontao.com\/planestancias\/wp-content\/uploads\/2021\/04\/cubelas063-750x500.jpg 750w, https:\/\/viajesfontao.com\/planestancias\/wp-content\/uploads\/2021\/04\/cubelas063-570x380.jpg 570w, https:\/\/viajesfontao.com\/planestancias\/wp-content\/uploads\/2021\/04\/cubelas063-600x400.jpg 600w, https:\/\/viajesfontao.com\/planestancias\/wp-content\/uploads\/2021\/04\/cubelas063-540x359.jpg 540w, https:\/\/viajesfontao.com\/planestancias\/wp-content\/uploads\/2021\/04\/cubelas063-1000x665.jpg 1000w\" sizes=\"(max-width: 1280px) 100vw, 1280px\" \/>\n\t<\/a>\n\n\n\n\t<\/p>\n\n\n\n\n\n<h2 class=\"mphb-room-type-title entry-title\">\n\n\n\n\n\n<a class=\"mphb-room-type-title\" href=\"https:\/\/viajesfontao.com\/planestancias\/accommodation\/cubelas\/\">Cubelas<\/a>\n\n\n\n<\/h2>\n\n\n\n\n\n\n<p>La casa se encuentra frente a la playa, tiene una amplia zona de jard\u00edn y con aparcamiento privado.<\/p>\n\n\n\n\n\n\n\n\n\n\n\t\n\n\n<\/div><\/div>[\/vc_column_text][\/vc_column_inner][vc_column_inner width=\u00bb1\/2&#8243;][vc_column_text]<div class=\"mphb_sc_room-wrapper \">\n<div class=\"mphb-room-type post-21760 mphb_room_type type-mphb_room_type status-publish has-post-thumbnail mphb_room_type_category-casa-rural mphb_room_type_category-lugo mphb_room_type_category-outeiro-de-rei mphb-room-type-adults-10 mphb-room-type-children-0\">\n\n\n\n\t\n\n\n\t\n\n\n\n\n\n\t<p class=\"post-thumbnail mphb-loop-room-thumbnail\">\n\n\n\t<a href=\"https:\/\/viajesfontao.com\/planestancias\/accommodation\/casa-lugar-de-pascuais\/\">\n\n\t<img width=\"2000\" height=\"1330\" src=\"https:\/\/viajesfontao.com\/planestancias\/wp-content\/uploads\/2021\/04\/casa-pascuais-01.jpg\" class=\"attachment-post-thumbnail size-post-thumbnail wp-post-image\" alt=\"\" loading=\"lazy\" srcset=\"https:\/\/viajesfontao.com\/planestancias\/wp-content\/uploads\/2021\/04\/casa-pascuais-01.jpg 2000w, https:\/\/viajesfontao.com\/planestancias\/wp-content\/uploads\/2021\/04\/casa-pascuais-01-300x200.jpg 300w, https:\/\/viajesfontao.com\/planestancias\/wp-content\/uploads\/2021\/04\/casa-pascuais-01-1024x681.jpg 1024w, https:\/\/viajesfontao.com\/planestancias\/wp-content\/uploads\/2021\/04\/casa-pascuais-01-768x511.jpg 768w, https:\/\/viajesfontao.com\/planestancias\/wp-content\/uploads\/2021\/04\/casa-pascuais-01-1536x1021.jpg 1536w, https:\/\/viajesfontao.com\/planestancias\/wp-content\/uploads\/2021\/04\/casa-pascuais-01-750x500.jpg 750w, https:\/\/viajesfontao.com\/planestancias\/wp-content\/uploads\/2021\/04\/casa-pascuais-01-570x380.jpg 570w, https:\/\/viajesfontao.com\/planestancias\/wp-content\/uploads\/2021\/04\/casa-pascuais-01-600x400.jpg 600w, https:\/\/viajesfontao.com\/planestancias\/wp-content\/uploads\/2021\/04\/casa-pascuais-01-540x359.jpg 540w, https:\/\/viajesfontao.com\/planestancias\/wp-content\/uploads\/2021\/04\/casa-pascuais-01-1000x665.jpg 1000w\" sizes=\"(max-width: 2000px) 100vw, 2000px\" \/>\n\t<\/a>\n\n\n\n\t<\/p>\n\n\n\n\n\n<h2 class=\"mphb-room-type-title entry-title\">\n\n\n\n\n\n<a class=\"mphb-room-type-title\" href=\"https:\/\/viajesfontao.com\/planestancias\/accommodation\/casa-lugar-de-pascuais\/\">Casa Lugar de Pascuais<\/a>\n\n\n\n<\/h2>\n\n\n\n\n\n\n<p>La casa  ofrece alojamiento con cocina en Lugo, a 11 km del centro de congresos y exposiciones y a 11 km de las murallas romanas de Lugo<\/p>\n\n\n\n\n\n\n\n\n\n\n\t\n\n\n<\/div><\/div>[\/vc_column_text][\/vc_column_inner][\/vc_row_inner][vc_row_inner][vc_column_inner width=\u00bb1\/2&#8243;][vc_column_text]<div class=\"mphb_sc_room-wrapper \">\n<div class=\"mphb-room-type post-21826 mphb_room_type type-mphb_room_type status-publish has-post-thumbnail mphb_room_type_category-apartamento-turistico mphb_room_type_category-pontevedra mphb-room-type-adults-3 mphb-room-type-children-0\">\n\n\n\n\t\n\n\n\t\n\n\n\n\n\n\t<p class=\"post-thumbnail mphb-loop-room-thumbnail\">\n\n\n\t<a href=\"https:\/\/viajesfontao.com\/planestancias\/accommodation\/apartamento-centro-historico\/\">\n\n\t<img width=\"2560\" height=\"1755\" src=\"https:\/\/viajesfontao.com\/planestancias\/wp-content\/uploads\/2021\/04\/IMG_1296-scaled.jpeg\" class=\"attachment-post-thumbnail size-post-thumbnail wp-post-image\" alt=\"\" loading=\"lazy\" srcset=\"https:\/\/viajesfontao.com\/planestancias\/wp-content\/uploads\/2021\/04\/IMG_1296-scaled.jpeg 2560w, https:\/\/viajesfontao.com\/planestancias\/wp-content\/uploads\/2021\/04\/IMG_1296-300x206.jpeg 300w, https:\/\/viajesfontao.com\/planestancias\/wp-content\/uploads\/2021\/04\/IMG_1296-1024x702.jpeg 1024w, https:\/\/viajesfontao.com\/planestancias\/wp-content\/uploads\/2021\/04\/IMG_1296-768x526.jpeg 768w, https:\/\/viajesfontao.com\/planestancias\/wp-content\/uploads\/2021\/04\/IMG_1296-1536x1053.jpeg 1536w, https:\/\/viajesfontao.com\/planestancias\/wp-content\/uploads\/2021\/04\/IMG_1296-2048x1404.jpeg 2048w, https:\/\/viajesfontao.com\/planestancias\/wp-content\/uploads\/2021\/04\/IMG_1296-750x514.jpeg 750w, https:\/\/viajesfontao.com\/planestancias\/wp-content\/uploads\/2021\/04\/IMG_1296-540x370.jpeg 540w, https:\/\/viajesfontao.com\/planestancias\/wp-content\/uploads\/2021\/04\/IMG_1296-1000x686.jpeg 1000w\" sizes=\"(max-width: 2560px) 100vw, 2560px\" \/>\n\t<\/a>\n\n\n\n\t<\/p>\n\n\n\n\n\n<h2 class=\"mphb-room-type-title entry-title\">\n\n\n\n\n\n<a class=\"mphb-room-type-title\" href=\"https:\/\/viajesfontao.com\/planestancias\/accommodation\/apartamento-centro-historico\/\">Apartamento Centro Hist\u00f3rico<\/a>\n\n\n\n<\/h2>\n\n\n\n\n\n\n<p>El Apartamento Centro Hist\u00f3rico en Pontevedra, a 60 metros del Museo Provincial de Pontevedra, disfrutar de los\u00a0 paisajes de R\u00edas Baixas, degustar los mejores vinos y placeres gastron\u00f3micos como el marisco gallego<\/p>\n\n\n\n\n\n\n\n\n\n\n\t\n\n\n<\/div><\/div>[\/vc_column_text][\/vc_column_inner][vc_column_inner width=\u00bb1\/2&#8243;][vc_column_text]<div class=\"mphb_sc_room-wrapper \">\n<div class=\"mphb-room-type post-21836 mphb_room_type type-mphb_room_type status-publish has-post-thumbnail mphb_room_type_category-a-coruna mphb_room_type_category-apartamento-turistico mphb_room_type_category-ribeira mphb-room-type-adults-4 mphb-room-type-children-0\">\n\n\n\n\t\n\n\n\t\n\n\n\n\n\n\t<p class=\"post-thumbnail mphb-loop-room-thumbnail\">\n\n\n\t<a href=\"https:\/\/viajesfontao.com\/planestancias\/accommodation\/apartamento-o-carreiro\/\">\n\n\t<img width=\"2560\" height=\"1702\" src=\"https:\/\/viajesfontao.com\/planestancias\/wp-content\/uploads\/2021\/04\/apartamento0-5-scaled.jpg\" class=\"attachment-post-thumbnail size-post-thumbnail wp-post-image\" alt=\"\" loading=\"lazy\" srcset=\"https:\/\/viajesfontao.com\/planestancias\/wp-content\/uploads\/2021\/04\/apartamento0-5-scaled.jpg 2560w, https:\/\/viajesfontao.com\/planestancias\/wp-content\/uploads\/2021\/04\/apartamento0-5-300x199.jpg 300w, https:\/\/viajesfontao.com\/planestancias\/wp-content\/uploads\/2021\/04\/apartamento0-5-1024x681.jpg 1024w, https:\/\/viajesfontao.com\/planestancias\/wp-content\/uploads\/2021\/04\/apartamento0-5-768x511.jpg 768w, https:\/\/viajesfontao.com\/planestancias\/wp-content\/uploads\/2021\/04\/apartamento0-5-1536x1021.jpg 1536w, https:\/\/viajesfontao.com\/planestancias\/wp-content\/uploads\/2021\/04\/apartamento0-5-2048x1362.jpg 2048w, https:\/\/viajesfontao.com\/planestancias\/wp-content\/uploads\/2021\/04\/apartamento0-5-750x500.jpg 750w, https:\/\/viajesfontao.com\/planestancias\/wp-content\/uploads\/2021\/04\/apartamento0-5-570x380.jpg 570w, https:\/\/viajesfontao.com\/planestancias\/wp-content\/uploads\/2021\/04\/apartamento0-5-600x400.jpg 600w, https:\/\/viajesfontao.com\/planestancias\/wp-content\/uploads\/2021\/04\/apartamento0-5-540x359.jpg 540w, https:\/\/viajesfontao.com\/planestancias\/wp-content\/uploads\/2021\/04\/apartamento0-5-1000x665.jpg 1000w\" sizes=\"(max-width: 2560px) 100vw, 2560px\" \/>\n\t<\/a>\n\n\n\n\t<\/p>\n\n\n\n\n\n<h2 class=\"mphb-room-type-title entry-title\">\n\n\n\n\n\n<a class=\"mphb-room-type-title\" href=\"https:\/\/viajesfontao.com\/planestancias\/accommodation\/apartamento-o-carreiro\/\">Apartamento O Carreiro<\/a>\n\n\n\n<\/h2>\n\n\n\n\n\n\n<p>En el centro de Ribeira, excelentes playas, rodeada de la mejor gastronom\u00eda de la zona. Un patrimonio arqueol\u00f3gico de primer nivel como el Dolmen de Axeitos  y algunos de los mejores miradores de Galicia<\/p>\n\n\n\n\n\n\n\n\n\n\n\t\n\n\n<\/div><\/div>[\/vc_column_text][\/vc_column_inner][\/vc_row_inner][vc_row_inner][vc_column_inner width=\u00bb1\/2&#8243;][vc_column_text]<div class=\"mphb_sc_room-wrapper \">\n<div class=\"mphb-room-type post-21840 mphb_room_type type-mphb_room_type status-publish has-post-thumbnail mphb_room_type_category-a-coruna mphb_room_type_category-apartamento-turistico mphb_room_type_category-ribeira mphb-room-type-adults-4 mphb-room-type-children-0\">\n\n\n\n\t\n\n\n\t\n\n\n\n\n\n\t<p class=\"post-thumbnail mphb-loop-room-thumbnail\">\n\n\n\t<a href=\"https:\/\/viajesfontao.com\/planestancias\/accommodation\/apartamento-as-pias\/\">\n\n\t<img width=\"2000\" height=\"1330\" src=\"https:\/\/viajesfontao.com\/planestancias\/wp-content\/uploads\/2021\/04\/hotel-ancora-apartamento02-2.jpg\" class=\"attachment-post-thumbnail size-post-thumbnail wp-post-image\" alt=\"\" loading=\"lazy\" srcset=\"https:\/\/viajesfontao.com\/planestancias\/wp-content\/uploads\/2021\/04\/hotel-ancora-apartamento02-2.jpg 2000w, https:\/\/viajesfontao.com\/planestancias\/wp-content\/uploads\/2021\/04\/hotel-ancora-apartamento02-2-300x200.jpg 300w, https:\/\/viajesfontao.com\/planestancias\/wp-content\/uploads\/2021\/04\/hotel-ancora-apartamento02-2-1024x681.jpg 1024w, https:\/\/viajesfontao.com\/planestancias\/wp-content\/uploads\/2021\/04\/hotel-ancora-apartamento02-2-768x511.jpg 768w, https:\/\/viajesfontao.com\/planestancias\/wp-content\/uploads\/2021\/04\/hotel-ancora-apartamento02-2-1536x1021.jpg 1536w, https:\/\/viajesfontao.com\/planestancias\/wp-content\/uploads\/2021\/04\/hotel-ancora-apartamento02-2-750x500.jpg 750w, https:\/\/viajesfontao.com\/planestancias\/wp-content\/uploads\/2021\/04\/hotel-ancora-apartamento02-2-570x380.jpg 570w, https:\/\/viajesfontao.com\/planestancias\/wp-content\/uploads\/2021\/04\/hotel-ancora-apartamento02-2-600x400.jpg 600w, https:\/\/viajesfontao.com\/planestancias\/wp-content\/uploads\/2021\/04\/hotel-ancora-apartamento02-2-540x359.jpg 540w, https:\/\/viajesfontao.com\/planestancias\/wp-content\/uploads\/2021\/04\/hotel-ancora-apartamento02-2-1000x665.jpg 1000w\" sizes=\"(max-width: 2000px) 100vw, 2000px\" \/>\n\t<\/a>\n\n\n\n\t<\/p>\n\n\n\n\n\n<h2 class=\"mphb-room-type-title entry-title\">\n\n\n\n\n\n<a class=\"mphb-room-type-title\" href=\"https:\/\/viajesfontao.com\/planestancias\/accommodation\/apartamento-as-pias\/\">Apartamento As Pias<\/a>\n\n\n\n<\/h2>\n\n\n\n\n\n\n<p>En el centro de Ribeira, excelentes playas, rodeada de la mejor gastronom\u00eda de la zona. Un patrimonio arqueol\u00f3gico de primer nivel como el Dolmen de Axeitos\u00a0 y algunos de los mejores miradores de Galicia<\/p>\n\n\n\n\n\n\n\n\n\n\n\t\n\n\n<\/div><\/div>[\/vc_column_text][\/vc_column_inner][vc_column_inner width=\u00bb1\/2&#8243;][vc_column_text]<div class=\"mphb_sc_room-wrapper \">\n<div class=\"mphb-room-type post-21851 mphb_room_type type-mphb_room_type status-publish has-post-thumbnail mphb_room_type_category-a-coruna mphb_room_type_category-apartamento-turistico mphb_room_type_category-ribeira mphb-room-type-adults-7 mphb-room-type-children-0\">\n\n\n\n\t\n\n\n\t\n\n\n\n\n\n\t<p class=\"post-thumbnail mphb-loop-room-thumbnail\">\n\n\n\t<a href=\"https:\/\/viajesfontao.com\/planestancias\/accommodation\/apartamento-as-carolinas\/\">\n\n\t<img width=\"1280\" height=\"960\" src=\"https:\/\/viajesfontao.com\/planestancias\/wp-content\/uploads\/2021\/04\/piso-Asun-principal.jpg\" class=\"attachment-post-thumbnail size-post-thumbnail wp-post-image\" alt=\"\" loading=\"lazy\" srcset=\"https:\/\/viajesfontao.com\/planestancias\/wp-content\/uploads\/2021\/04\/piso-Asun-principal.jpg 1280w, https:\/\/viajesfontao.com\/planestancias\/wp-content\/uploads\/2021\/04\/piso-Asun-principal-300x225.jpg 300w, https:\/\/viajesfontao.com\/planestancias\/wp-content\/uploads\/2021\/04\/piso-Asun-principal-1024x768.jpg 1024w, https:\/\/viajesfontao.com\/planestancias\/wp-content\/uploads\/2021\/04\/piso-Asun-principal-768x576.jpg 768w, https:\/\/viajesfontao.com\/planestancias\/wp-content\/uploads\/2021\/04\/piso-Asun-principal-750x563.jpg 750w, https:\/\/viajesfontao.com\/planestancias\/wp-content\/uploads\/2021\/04\/piso-Asun-principal-540x405.jpg 540w, https:\/\/viajesfontao.com\/planestancias\/wp-content\/uploads\/2021\/04\/piso-Asun-principal-1000x750.jpg 1000w\" sizes=\"(max-width: 1280px) 100vw, 1280px\" \/>\n\t<\/a>\n\n\n\n\t<\/p>\n\n\n\n\n\n<h2 class=\"mphb-room-type-title entry-title\">\n\n\n\n\n\n<a class=\"mphb-room-type-title\" href=\"https:\/\/viajesfontao.com\/planestancias\/accommodation\/apartamento-as-carolinas\/\">Apartamento As Carolinas<\/a>\n\n\n\n<\/h2>\n\n\n\n\n\n\n<p>Se encuentra ubicado en el centro de Ribeira, en plena R\u00eda de Arousa. Cuenta con excelentes playas y la belleza de Illa de S\u00e1lvora,<\/p>\n\n\n\n\n\n\n\n\n\n\n\t\n\n\n<\/div><\/div>[\/vc_column_text][\/vc_column_inner][\/vc_row_inner][\/vc_column][\/vc_row][vc_row css=\u00bb.vc_custom_1555926842719{padding-bottom: 75px !important;}\u00bb][vc_column width=\u00bb1\/3&#8243; el_class=\u00bbrs_col-sm-12&#8243;][vc_custom_heading text=\u00bbSomos especialistas en Vacaciones\u00bb font_container=\u00bbtag:h3|text_align:left\u00bb use_theme_fonts=\u00bbyes\u00bb el_class=\u00bbdt-skin-primary-color\u00bb][vc_custom_heading text=\u00bb<b>Disponemos de los mejores packs de Viaje y Alojamiento<\/b>\u00bb font_container=\u00bbtag:p|text_align:left\u00bb use_theme_fonts=\u00bbyes\u00bb]<div class='dt-sc-small-separator '><\/div>[vc_custom_heading text=\u00bbSabemos que la situaci\u00f3n en la que nos encontramos es complicada por ello te invitamos a so\u00f1ar con tu pr\u00f3ximo viaje, aventura o alojamiento vacacional.<br \/>\nHemos preparado una selecci\u00f3n de opciones para que puedas disfrutar de una escapada, planear semana santa o bien so\u00f1ar con el pr\u00f3ximo verano. Aqu\u00ed podr\u00e1s encontrar las mejores opciones que mejor de adapten a tu gusto.\u00bb font_container=\u00bbtag:p|text_align:left|line_height:30px\u00bb use_theme_fonts=\u00bbyes\u00bb]<div id=\"1609171856639-8895fde6-af0b\" class=\"dt-sc-empty-space\"><\/div>[\/vc_column][vc_column width=\u00bb1\/3&#8243; css=\u00bb.vc_custom_1556097578622{padding-right: 0px !important;padding-left: 0px !important;}\u00bb el_class=\u00bbrs_col-sm-12&#8243;]<div id=\"1609171856979-21f2b296-b8a6\" class=\"dt-sc-empty-space\"><\/div>[vc_single_image image=\u00bb19005&#8243; img_size=\u00bbfull\u00bb alignment=\u00bbcenter\u00bb css=\u00bb.vc_custom_1553238568696{margin-bottom: 5px !important;}\u00bb el_class=\u00bbrotating-img\u00bb][vc_custom_heading text=\u00bbExperiencias exclusivas\u00bb font_container=\u00bbtag:h3|text_align:center\u00bb use_theme_fonts=\u00bbyes\u00bb el_class=\u00bbdt-skin-primary-color\u00bb css=\u00bb.vc_custom_1609252224513{margin-bottom: 10px !important;}\u00bb][vc_custom_heading text=\u00bbVIAJES\u00bb font_container=\u00bbtag:h2|text_align:center\u00bb use_theme_fonts=\u00bbyes\u00bb el_class=\u00bbdt-sc-animated-heading\u00bb css=\u00bb.vc_custom_1609238690790{margin-bottom: 10px !important;background-image: url(https:\/\/viajesfontao.com\/planestancias\/wp-content\/uploads\/2019\/03\/animation-title-bg.jpg?id=19009) !important;}\u00bb][vc_custom_heading text=\u00bbElige tu destino\u00bb font_container=\u00bbtag:p|text_align:center\u00bb use_theme_fonts=\u00bbyes\u00bb el_class=\u00bbtitle_uppercase letter_space_large title_light\u00bb][\/vc_column][vc_column width=\u00bb1\/3&#8243; el_class=\u00bbrs_col-sm-12&#8243;]<div id=\"1609171857699-1892e7fd-cd76\" class=\"dt-sc-empty-space\"><\/div>[vc_custom_heading text=\u00bbVuelve a emocionarte, vuelve a viajar&#8230;\u00bb font_container=\u00bbtag:h3|text_align:left\u00bb use_theme_fonts=\u00bbyes\u00bb el_class=\u00bbdt-skin-primary-color\u00bb][vc_custom_heading text=\u00bb\u00bfBuscas una oferta de \u00faltima hora y con las mejores condiciones? Te damas las mejores opciones a los principales destinos.<br \/>\nSi necesitas desconectar, encuentra tu hotel rural, con spa o en tu destino favorito. Reserva la oferta que m\u00e1s te guste.\u00bb font_container=\u00bbtag:p|text_align:left|line_height:30px\u00bb use_theme_fonts=\u00bbyes\u00bb]<div id=\"1609171858027-526a6cb1-d421\" class=\"dt-sc-empty-space\"><\/div>[vc_row_inner][vc_column_inner width=\u00bb1\/2&#8243; offset=\u00bbvc_col-xs-4&#8243;]<img width=\"219\" height=\"219\" src=\"https:\/\/viajesfontao.com\/planestancias\/wp-content\/uploads\/2020\/12\/iconos-01.png\" class=\"aligncenter attachment-full\" alt=\"\" loading=\"lazy\" srcset=\"https:\/\/viajesfontao.com\/planestancias\/wp-content\/uploads\/2020\/12\/iconos-01.png 219w, https:\/\/viajesfontao.com\/planestancias\/wp-content\/uploads\/2020\/12\/iconos-01-150x150.png 150w, https:\/\/viajesfontao.com\/planestancias\/wp-content\/uploads\/2020\/12\/iconos-01-100x100.png 100w\" sizes=\"(max-width: 219px) 100vw, 219px\" \/>[vc_custom_heading text=\u00bbReserva tu viaje de forma r\u00e1pida y sencilla desde cualquier dispositivo\u00bb font_container=\u00bbtag:p|font_size:15px|text_align:center|color:%230099a8|line_height:20px\u00bb use_theme_fonts=\u00bbyes\u00bb][\/vc_column_inner][vc_column_inner width=\u00bb1\/2&#8243; offset=\u00bbvc_col-xs-4&#8243;]<img width=\"220\" height=\"219\" src=\"https:\/\/viajesfontao.com\/planestancias\/wp-content\/uploads\/2020\/12\/iconos-02.png\" class=\"aligncenter attachment-full\" alt=\"\" loading=\"lazy\" srcset=\"https:\/\/viajesfontao.com\/planestancias\/wp-content\/uploads\/2020\/12\/iconos-02.png 220w, https:\/\/viajesfontao.com\/planestancias\/wp-content\/uploads\/2020\/12\/iconos-02-150x150.png 150w, https:\/\/viajesfontao.com\/planestancias\/wp-content\/uploads\/2020\/12\/iconos-02-100x100.png 100w\" sizes=\"(max-width: 220px) 100vw, 220px\" \/>[vc_custom_heading text=\u00bbTe ofrecemos asistencia en destino los 365<br \/>\nd\u00edas del a\u00f1o\u00bb font_container=\u00bbtag:p|font_size:15px|text_align:center|color:%230099a8|line_height:20px\u00bb use_theme_fonts=\u00bbyes\u00bb][\/vc_column_inner][\/vc_row_inner][\/vc_column][\/vc_row]<\/p>\n","protected":false},"excerpt":{"rendered":"<p>[vc_row css=\u00bb.vc_custom_1609235185353{margin-bottom: 50px !important;}\u00bb][vc_column][\/vc_column][\/vc_row][vc_row full_width=\u00bbstretch_row\u00bb css=\u00bb.vc_custom_1620119257460{margin-bottom: 50px !important;}\u00bb][vc_column][\/vc_column][\/vc_row][vc_row full_width=\u00bbstretch_row_content_no_spaces\u00bb css=\u00bb.vc_custom_1611047487523{background: #0099a8 url(https:\/\/viajesfontao.com\/planestancias\/wp-content\/uploads\/2020\/12\/fondo-porque.png?id=21218) !important;background-position: center !important;background-repeat: no-repeat !important;background-size: cover !important;}\u00bb][vc_column][vc_row_inner][vc_column_inner width=\u00bb1\/4&#8243;][\/vc_column_inner][vc_column_inner width=\u00bb1\/2&#8243;][vc_column_text] POR QU\u00c9 NOSOTROS ? Hacemos el proceso f\u00e1cil [\/vc_column_text][\/vc_column_inner][vc_column_inner width=\u00bb1\/4&#8243;][\/vc_column_inner][\/vc_row_inner][vc_row_inner][vc_column_inner width=\u00bb1\/2&#8243; css=\u00bb.vc_custom_1611047411646{padding-right: 15% !important;padding-bottom: 0px !important;padding-left: 15% !important;}\u00bb][vc_custom_heading text=\u00bbCALIDAD\u00bb font_container=\u00bbtag:h2|text_align:left|color:%23000000&#8243; google_fonts=\u00bbfont_family:Roboto%3A100%2C100italic%2C300%2C300italic%2Cregular%2Citalic%2C500%2C500italic%2C700%2C700italic%2C900%2C900italic|font_style:900%20bold%20regular%3A900%3Anormal\u00bb][vc_column_text]Puede confiar en nosotros: descripciones detalladas de todas las propiedades. Las preguntas especiales sobre [&hellip;]<\/p>\n","protected":false},"author":1,"featured_media":0,"parent":0,"menu_order":0,"comment_status":"closed","ping_status":"closed","template":"","meta":[],"yoast_head":"<!-- This site is optimized with the Yoast SEO plugin v16.2 - https:\/\/yoast.com\/wordpress\/plugins\/seo\/ -->\r\n<title>Planestancias, agencia de viajes especializada en Galicia<\/title>\r\n<meta name=\"description\" content=\"Planestancias es una agencia de viajes receptiva, especializada en actividades y alojamiento gestionado por nosotros en Galicia.\" \/>\r\n<meta name=\"robots\" content=\"index, follow, max-snippet:-1, max-image-preview:large, max-video-preview:-1\" \/>\r\n<link rel=\"canonical\" href=\"https:\/\/viajesfontao.com\/planestancias\/\" \/>\r\n<meta property=\"og:locale\" content=\"es_ES\" \/>\r\n<meta property=\"og:type\" content=\"article\" \/>\r\n<meta property=\"og:title\" content=\"Planestancias, agencia de viajes especializada en Galicia\" \/>\r\n<meta property=\"og:description\" content=\"Planestancias es una agencia de viajes receptiva, especializada en actividades y alojamiento gestionado por nosotros en Galicia.\" \/>\r\n<meta property=\"og:url\" content=\"https:\/\/viajesfontao.com\/planestancias\/\" \/>\r\n<meta property=\"og:site_name\" content=\"PlanEstancias\" \/>\r\n<meta property=\"article:modified_time\" content=\"2021-05-12T10:33:48+00:00\" \/>\r\n<meta name=\"twitter:card\" content=\"summary_large_image\" \/>\r\n<meta name=\"twitter:label1\" content=\"Tiempo de lectura\">\n\t<meta name=\"twitter:data1\" content=\"3 minutos\">\r\n<script type=\"application\/ld+json\" class=\"yoast-schema-graph\">{\"@context\":\"https:\/\/schema.org\",\"@graph\":[{\"@type\":\"WebSite\",\"@id\":\"https:\/\/viajesfontao.com\/planestancias\/#website\",\"url\":\"https:\/\/viajesfontao.com\/planestancias\/\",\"name\":\"PlanEstancias\",\"description\":\"Alojamientos y Actividades\",\"potentialAction\":[{\"@type\":\"SearchAction\",\"target\":\"https:\/\/viajesfontao.com\/planestancias\/?s={search_term_string}\",\"query-input\":\"required name=search_term_string\"}],\"inLanguage\":\"es\"},{\"@type\":\"WebPage\",\"@id\":\"https:\/\/viajesfontao.com\/planestancias\/#webpage\",\"url\":\"https:\/\/viajesfontao.com\/planestancias\/\",\"name\":\"Planestancias, agencia de viajes especializada en Galicia\",\"isPartOf\":{\"@id\":\"https:\/\/viajesfontao.com\/planestancias\/#website\"},\"datePublished\":\"2019-03-21T09:11:07+00:00\",\"dateModified\":\"2021-05-12T10:33:48+00:00\",\"description\":\"Planestancias es una agencia de viajes receptiva, especializada en actividades y alojamiento gestionado por nosotros en Galicia.\",\"breadcrumb\":{\"@id\":\"https:\/\/viajesfontao.com\/planestancias\/#breadcrumb\"},\"inLanguage\":\"es\",\"potentialAction\":[{\"@type\":\"ReadAction\",\"target\":[\"https:\/\/viajesfontao.com\/planestancias\/\"]}]},{\"@type\":\"BreadcrumbList\",\"@id\":\"https:\/\/viajesfontao.com\/planestancias\/#breadcrumb\",\"itemListElement\":[{\"@type\":\"ListItem\",\"position\":1,\"item\":{\"@type\":\"WebPage\",\"@id\":\"https:\/\/viajesfontao.com\/planestancias\/\",\"url\":\"https:\/\/viajesfontao.com\/planestancias\/\",\"name\":\"Portada\"}},{\"@type\":\"ListItem\",\"position\":2,\"item\":{\"@id\":\"https:\/\/viajesfontao.com\/planestancias\/#webpage\"}}]}]}<\/script>\r\n<!-- \/ Yoast SEO plugin. -->","_links":{"self":[{"href":"https:\/\/viajesfontao.com\/planestancias\/wp-json\/wp\/v2\/pages\/18978"}],"collection":[{"href":"https:\/\/viajesfontao.com\/planestancias\/wp-json\/wp\/v2\/pages"}],"about":[{"href":"https:\/\/viajesfontao.com\/planestancias\/wp-json\/wp\/v2\/types\/page"}],"author":[{"embeddable":true,"href":"https:\/\/viajesfontao.com\/planestancias\/wp-json\/wp\/v2\/users\/1"}],"replies":[{"embeddable":true,"href":"https:\/\/viajesfontao.com\/planestancias\/wp-json\/wp\/v2\/comments?post=18978"}],"version-history":[{"count":289,"href":"https:\/\/viajesfontao.com\/planestancias\/wp-json\/wp\/v2\/pages\/18978\/revisions"}],"predecessor-version":[{"id":22359,"href":"https:\/\/viajesfontao.com\/planestancias\/wp-json\/wp\/v2\/pages\/18978\/revisions\/22359"}],"wp:attachment":[{"href":"https:\/\/viajesfontao.com\/planestancias\/wp-json\/wp\/v2\/media?parent=18978"}],"curies":[{"name":"wp","href":"https:\/\/api.w.org\/{rel}","templated":true}]}}